{"id":267,"date":"2023-01-19T12:34:22","date_gmt":"2023-01-19T11:34:22","guid":{"rendered":"https:\/\/www.ccmenuiserie.fr\/2023\/?page_id=267"},"modified":"2023-01-19T12:46:04","modified_gmt":"2023-01-19T11:46:04","slug":"environnement","status":"publish","type":"page","link":"https:\/\/www.ccmenuiserie.fr\/2023\/environnement\/","title":{"rendered":"Environnement"},"content":{"rendered":"<p>[et_pb_section fb_built=\u00a0\u00bb1&Prime; admin_label=\u00a0\u00bbHero section\u00a0\u00bb _builder_version=\u00a0\u00bb4.19.4&Prime; use_background_color_gradient=\u00a0\u00bbon\u00a0\u00bb background_color_gradient_stops=\u00a0\u00bbrgba(166,199,56,0.69) 0%|#000000 100%\u00a0\u00bb background_color_gradient_overlays_image=\u00a0\u00bbon\u00a0\u00bb background_color_gradient_start=\u00a0\u00bbrgba(150,105,97,0.67)\u00a0\u00bb background_color_gradient_end=\u00a0\u00bbrgba(2,0,76,0.84)\u00a0\u00bb background_image=\u00a0\u00bbhttps:\/\/www.ccmenuiserie.fr\/2023\/wp-content\/uploads\/2023\/01\/architect-firm-03.jpg\u00a0\u00bb background_position=\u00a0\u00bbtop_center\u00a0\u00bb custom_margin=\u00a0\u00bb|||\u00a0\u00bb custom_padding=\u00a0\u00bb11.1%||4.1%|||\u00a0\u00bb global_colors_info=\u00a0\u00bb{}\u00a0\u00bb][et_pb_row _builder_version=\u00a0\u00bb4.19.4&Prime; custom_margin=\u00a0\u00bb|||\u00a0\u00bb global_colors_info=\u00a0\u00bb{}\u00a0\u00bb][et_pb_column type=\u00a0\u00bb4_4&Prime; _builder_version=\u00a0\u00bb4.19.4&Prime; custom_padding=\u00a0\u00bb|||\u00a0\u00bb hover_enabled=\u00a0\u00bb0&Prime; global_colors_info=\u00a0\u00bb{}\u00a0\u00bb custom_padding__hover=\u00a0\u00bb|||\u00a0\u00bb sticky_enabled=\u00a0\u00bb0&Prime;][et_pb_text _builder_version=\u00a0\u00bb4.19.4&Prime; _module_preset=\u00a0\u00bbdefault\u00a0\u00bb text_font=\u00a0\u00bb|800|||||||\u00a0\u00bb text_font_size=\u00a0\u00bb52px\u00a0\u00bb hover_enabled=\u00a0\u00bb0&Prime; global_colors_info=\u00a0\u00bb{}\u00a0\u00bb sticky_enabled=\u00a0\u00bb0&Prime;]<\/p>\n<p style=\"text-align: center;\"><span style=\"color: #ffffff;\">ENVIRONNEMENT<\/span><\/p>\n<p>[\/et_pb_text][\/et_pb_column][\/et_pb_row][\/et_pb_section][et_pb_section fb_built=\u00a0\u00bb1&Prime; _builder_version=\u00a0\u00bb4.16&Prime; background_color=\u00a0\u00bbrgba(0,0,0,0.03)\u00a0\u00bb background_position=\u00a0\u00bbtop_center\u00a0\u00bb custom_margin=\u00a0\u00bb-101px|||||\u00a0\u00bb custom_padding=\u00a0\u00bb86px||100px|||\u00a0\u00bb global_colors_info=\u00a0\u00bb{}\u00a0\u00bb][et_pb_row _builder_version=\u00a0\u00bb4.16&Prime; custom_margin=\u00a0\u00bb4px|auto||auto||\u00a0\u00bb locked=\u00a0\u00bboff\u00a0\u00bb global_colors_info=\u00a0\u00bb{}\u00a0\u00bb][et_pb_column type=\u00a0\u00bb4_4&Prime; _builder_version=\u00a0\u00bb4.16&Prime; custom_padding=\u00a0\u00bb|||\u00a0\u00bb global_colors_info=\u00a0\u00bb{}\u00a0\u00bb custom_padding__hover=\u00a0\u00bb|||\u00a0\u00bb][et_pb_text _builder_version=\u00a0\u00bb4.16&Prime; text_font=\u00a0\u00bbLato||||||||\u00a0\u00bb text_text_color=\u00a0\u00bb#898f99&Prime; text_font_size=\u00a0\u00bb18px\u00a0\u00bb text_line_height=\u00a0\u00bb2em\u00a0\u00bb header_font=\u00a0\u00bb||||||||\u00a0\u00bb header_2_font=\u00a0\u00bbLato|700|||||||\u00a0\u00bb header_2_font_size=\u00a0\u00bb42px\u00a0\u00bb header_2_line_height=\u00a0\u00bb1.5em\u00a0\u00bb text_orientation=\u00a0\u00bbcenter\u00a0\u00bb max_width=\u00a0\u00bb800px\u00a0\u00bb module_alignment=\u00a0\u00bbcenter\u00a0\u00bb locked=\u00a0\u00bboff\u00a0\u00bb global_colors_info=\u00a0\u00bb{}\u00a0\u00bb]<\/p>\n<h2 class=\"title\"><span style=\"color: #a6c738;\">UNE OUVERTURE SUR UN MONDE <\/span><br \/><span style=\"color: #a6c738;\">PLUS DURABLE\u2026<\/span><\/h2>\n<p><span style=\"font-size: x-large;\">Art &amp; Fen\u00eatres s\u2019engage chaque jour en faveur d\u2019un mod\u00e8le durable, <\/span><br \/><span style=\"font-size: x-large;\">responsable et respectueux de l\u2019environnement.<\/span><\/p>\n<p>[\/et_pb_text][\/et_pb_column][\/et_pb_row][et_pb_row _builder_version=\u00a0\u00bb4.19.4&Prime; _module_preset=\u00a0\u00bbdefault\u00a0\u00bb column_structure=\u00a0\u00bb1_2,1_2&Prime; min_height=\u00a0\u00bb326px\u00a0\u00bb custom_margin=\u00a0\u00bb27px|auto||auto||\u00a0\u00bb][et_pb_column _builder_version=\u00a0\u00bb4.19.4&Prime; _module_preset=\u00a0\u00bbdefault\u00a0\u00bb type=\u00a0\u00bb1_2&Prime;][et_pb_text _builder_version=\u00a0\u00bb4.19.4&Prime; _module_preset=\u00a0\u00bbdefault\u00a0\u00bb hover_enabled=\u00a0\u00bb0&Prime; sticky_enabled=\u00a0\u00bb0&Prime;]<\/p>\n<p class=\"p1\"><span class=\"s1\" style=\"color: #9e9e9e; font-size: large;\">ART &amp; FEN\u00caTRES S\u2019ENGAGE CHAQUE JOUR EN FAVEUR D\u2019UN MOD\u00c8LE DURABLE, RESPONSABLE ET RESPECTUEUX DE L\u2019ENVIRONNEMENT.<\/span><\/p>\n<p class=\"p1\"><span class=\"s1\" style=\"color: #9e9e9e; font-size: large;\">UNE ACTIVIT\u00c9 QUI CONTRIBUE DURABLEMENT \u00c0 LA R\u00c9NOVATION \u00c9NERG\u00c9TIQUE DES LOGEMENTS ET \u00c0 LA R\u00c9DUCTION DES GAZ \u00c0 EFFET DE SERRE.<\/span><\/p>\n<p class=\"p1\"><span class=\"s1\" style=\"color: #9e9e9e; font-size: large;\">DES PRODUITS LAB\u00c9LIS\u00c9S ORIGINE FRANCE GARANTIE R\u00c9PONDANT AUX DERNI\u00c8RES NORMES ET LABELS ENVIRONNEMENTAUX.<\/span><\/p>\n<p class=\"p1\"><span class=\"s1\" style=\"color: #9e9e9e; font-size: large;\">UTILISATION DE MAT\u00c9RIAUX RECYCL\u00c9S, RECYCLABLES ET \u00c9NERG\u00c9TIQUEMENT PERFORMANTS DANS CHACUNE DE NOS \u00c9TAPES DE FABRICATION.<\/span><\/p>\n<p class=\"p1\"><span class=\"s1\" style=\"color: #9e9e9e; font-size: large;\">R\u00c9DUCTION, TRI ET REVALORISATION DES D\u00c9CHETS ISSUS SUR NOS SITES DE PRODUCTION ET DE NOTRE R\u00c9SEAU DE CONCESSIONNAIRES.<\/span><\/p>\n<p>[\/et_pb_text][et_pb_image src=\u00a0\u00bbhttps:\/\/www.ccmenuiserie.fr\/2023\/wp-content\/uploads\/2023\/01\/developpement-durable-2021.png\u00a0\u00bb _builder_version=\u00a0\u00bb4.19.4&Prime; _module_preset=\u00a0\u00bbdefault\u00a0\u00bb title_text=\u00a0\u00bbdeveloppement-durable-2021&Prime; hover_enabled=\u00a0\u00bb0&Prime; sticky_enabled=\u00a0\u00bb0&Prime;][\/et_pb_image][\/et_pb_column][et_pb_column _builder_version=\u00a0\u00bb4.19.4&Prime; _module_preset=\u00a0\u00bbdefault\u00a0\u00bb type=\u00a0\u00bb1_2&Prime;][et_pb_text _builder_version=\u00a0\u00bb4.19.4&Prime; _module_preset=\u00a0\u00bbdefault\u00a0\u00bb hover_enabled=\u00a0\u00bb0&Prime; sticky_enabled=\u00a0\u00bb0&Prime; text_text_color=\u00a0\u00bb#A6C738&Prime; text_font_size=\u00a0\u00bb29px\u00a0\u00bb text_line_height=\u00a0\u00bb1em\u00a0\u00bb]<\/p>\n<p>GESTION ENVIRONNEMENTALE STRICTE SUR SITES<\/p>\n<p>[\/et_pb_text][et_pb_text _builder_version=\u00a0\u00bb4.19.4&Prime; _module_preset=\u00a0\u00bbdefault\u00a0\u00bb hover_enabled=\u00a0\u00bb0&Prime; sticky_enabled=\u00a0\u00bb0&Prime;]<\/p>\n<p><span style=\"color: #ffffff;\">Par la gestion environnementale de nos sites, le recyclage de nos d\u00e9chets ou la labellisation de la qualit\u00e9 de nos diff\u00e9rents process, Art &amp; Fen\u00eatres s\u2019implique quotidiennement dans la recherche de la qualit\u00e9, dans le respect des normes ou dans son implication \u00e0 r\u00e9duire son impact sur l\u2019environnement. Notre ambition : agir et contribuer pour tous \u00e0 un avenir plus respectueux de l\u2019environnement et des hommes.<\/span><\/p>\n<p><span style=\"color: #ffffff;\">&lt;p&gt;Pour une meilleure gestion environnementale sur nos sites, nous utilisons dans la fabrication de nos menuiseries des mat\u00e9riaux vertueux et \u00e9nerg\u00e9tiquement performants.<\/span><span style=\"font-size: medium;\"><strong><span style=\"color: #a6c738;\"><\/span><\/strong><\/span><\/p>\n<p class=\"p1\"><span style=\"font-size: medium;\"><strong><span class=\"s1\" style=\"color: #a6c738;\">RFP : 100% COMPOSITE RECYCLABLE.<\/span><\/strong><\/span><\/p>\n<p class=\"p1\"><span style=\"font-size: medium;\"><strong><span class=\"s1\" style=\"color: #a6c738;\">PVC SANS PLOMB : RECYCLABLE DURANT TOUTE SA VIE.<\/span><\/strong><\/span><\/p>\n<p class=\"p1\"><span style=\"font-size: medium;\"><strong><span class=\"s1\" style=\"color: #a6c738;\">ALU : \u00c9NERG\u00c9TIQUEMENT PERFORMANT ET RECYCLABLE \u00c0 L&rsquo;INFINI.<\/span><\/strong><\/span><\/p>\n<p class=\"p1\"><span style=\"font-size: medium;\"><strong><span class=\"s1\" style=\"color: #a6c738;\">BOIS : CERTIFI\u00c9 PEFC ISSU D\u2019UNE GESTION DURABLE DES FOR\u00caTS.<\/span><\/strong><\/span><\/p>\n<p class=\"p1\"><span style=\"font-size: medium;\"><strong><span class=\"s1\" style=\"color: #a6c738;\">LAQUAGE : B\u00c2TIMENT CLASS\u00c9 ICPE (INSTALLATION CLASS\u00c9E POUR LA PROTECTION DE L\u2019ENVIRONNEMENT).<\/span><\/strong><\/span><\/p>\n<p><span style=\"color: #ffffff; font-size: 14px;\">Les usines Art &amp; Fen\u00eatres s\u2019engagent \u00e9galement en faveur de la r\u00e9duction et du recyclage de ses d\u00e9chets : chutes de coupes alu ou PVC, copeaux de bois, papiers, plastiques, m\u00e9taux ou palettes sont collect\u00e9s et recycl\u00e9s selon leurs caract\u00e9ristiques sp\u00e9cifiques.<\/span><\/p>\n<p>[\/et_pb_text][\/et_pb_column][\/et_pb_row][\/et_pb_section][et_pb_section fb_built=\u00a0\u00bb1&Prime; admin_label=\u00a0\u00bbHero section\u00a0\u00bb _builder_version=\u00a0\u00bb4.19.4&Prime; use_background_color_gradient=\u00a0\u00bbon\u00a0\u00bb background_color_gradient_stops=\u00a0\u00bb#000000 8%|#aac731 99%\u00a0\u00bb background_color_gradient_overlays_image=\u00a0\u00bbon\u00a0\u00bb background_color_gradient_start=\u00a0\u00bbrgba(150,105,97,0.67)\u00a0\u00bb background_color_gradient_end=\u00a0\u00bbrgba(2,0,76,0.84)\u00a0\u00bb background_enable_image=\u00a0\u00bboff\u00a0\u00bb background_position=\u00a0\u00bbtop_center\u00a0\u00bb custom_margin=\u00a0\u00bb|||\u00a0\u00bb custom_padding=\u00a0\u00bb1%||4.3%|||\u00a0\u00bb global_module=\u00a0\u00bb243&Prime; global_colors_info=\u00a0\u00bb{}\u00a0\u00bb][et_pb_row _builder_version=\u00a0\u00bb4.16&Prime; custom_margin=\u00a0\u00bb|||\u00a0\u00bb custom_padding=\u00a0\u00bb20px|||||\u00a0\u00bb global_colors_info=\u00a0\u00bb{}\u00a0\u00bb][et_pb_column type=\u00a0\u00bb4_4&Prime; _builder_version=\u00a0\u00bb4.16&Prime; custom_padding=\u00a0\u00bb|||\u00a0\u00bb global_colors_info=\u00a0\u00bb{}\u00a0\u00bb custom_padding__hover=\u00a0\u00bb|||\u00a0\u00bb][et_pb_image src=\u00a0\u00bbhttps:\/\/www.ccmenuiserie.fr\/2023\/wp-content\/uploads\/2023\/01\/logo-art-et-fenetres-ccmenuiserie-footer.png\u00a0\u00bb title_text=\u00a0\u00bblogo-art-et-fenetres-ccmenuiserie-footer\u00a0\u00bb _builder_version=\u00a0\u00bb4.19.4&Prime; _module_preset=\u00a0\u00bbdefault\u00a0\u00bb width=\u00a0\u00bb54%\u00a0\u00bb max_width=\u00a0\u00bb57%\u00a0\u00bb module_alignment=\u00a0\u00bbcenter\u00a0\u00bb global_colors_info=\u00a0\u00bb{}\u00a0\u00bb][\/et_pb_image][et_pb_text _builder_version=\u00a0\u00bb4.19.4&Prime; text_font=\u00a0\u00bbLato||||||||\u00a0\u00bb text_text_color=\u00a0\u00bb#FFFFFF\u00a0\u00bb text_font_size=\u00a0\u00bb24px\u00a0\u00bb text_line_height=\u00a0\u00bb1.1em\u00a0\u00bb header_font=\u00a0\u00bb||||||||\u00a0\u00bb header_text_align=\u00a0\u00bbcenter\u00a0\u00bb header_font_size=\u00a0\u00bb6px\u00a0\u00bb header_2_font=\u00a0\u00bbLato||||||||\u00a0\u00bb header_3_font=\u00a0\u00bbLato|700|||||||\u00a0\u00bb header_3_font_size=\u00a0\u00bb36px\u00a0\u00bb header_3_line_height=\u00a0\u00bb1.5em\u00a0\u00bb width=\u00a0\u00bb79%\u00a0\u00bb max_width=\u00a0\u00bb61%\u00a0\u00bb module_alignment=\u00a0\u00bbcenter\u00a0\u00bb custom_margin=\u00a0\u00bb60px|||\u00a0\u00bb global_colors_info=\u00a0\u00bb{}\u00a0\u00bb]<\/p>\n<p style=\"text-align: center;\">Fabricant et installateur de portes et fen\u00eatres en pvc <br \/>ou aluminium, neuves ou sur mesure.<br \/>Art &amp; Fen\u00eatres vous propose ses gammes de portails et volets.<\/p>\n<p>[\/et_pb_text][\/et_pb_column][\/et_pb_row][\/et_pb_section]<\/p>\n","protected":false},"excerpt":{"rendered":"<p>ENVIRONNEMENTUNE OUVERTURE SUR UN MONDE PLUS DURABLE\u2026 Art &amp; Fen\u00eatres s\u2019engage chaque jour en faveur d\u2019un mod\u00e8le durable, responsable et respectueux de l\u2019environnement.ART &amp; FEN\u00caTRES S\u2019ENGAGE CHAQUE JOUR EN FAVEUR D\u2019UN MOD\u00c8LE DURABLE, RESPONSABLE ET RESPECTUEUX DE L\u2019ENVIRONNEMENT. UNE ACTIVIT\u00c9 QUI CONTRIBUE DURABLEMENT \u00c0 LA R\u00c9NOVATION \u00c9NERG\u00c9TIQUE DES LOGEMENTS ET \u00c0 LA R\u00c9DUCTION DES GAZ [&hellip;]<\/p>\n","protected":false},"author":1,"featured_media":0,"parent":0,"menu_order":0,"comment_status":"closed","ping_status":"closed","template":"","meta":{"_et_pb_use_builder":"on","_et_pb_old_content":"","_et_gb_content_width":"","footnotes":""},"class_list":["post-267","page","type-page","status-publish","hentry"],"jetpack_sharing_enabled":true,"_links":{"self":[{"href":"https:\/\/www.ccmenuiserie.fr\/2023\/wp-json\/wp\/v2\/pages\/267","targetHints":{"allow":["GET"]}}],"collection":[{"href":"https:\/\/www.ccmenuiserie.fr\/2023\/wp-json\/wp\/v2\/pages"}],"about":[{"href":"https:\/\/www.ccmenuiserie.fr\/2023\/wp-json\/wp\/v2\/types\/page"}],"author":[{"embeddable":true,"href":"https:\/\/www.ccmenuiserie.fr\/2023\/wp-json\/wp\/v2\/users\/1"}],"replies":[{"embeddable":true,"href":"https:\/\/www.ccmenuiserie.fr\/2023\/wp-json\/wp\/v2\/comments?post=267"}],"version-history":[{"count":6,"href":"https:\/\/www.ccmenuiserie.fr\/2023\/wp-json\/wp\/v2\/pages\/267\/revisions"}],"predecessor-version":[{"id":277,"href":"https:\/\/www.ccmenuiserie.fr\/2023\/wp-json\/wp\/v2\/pages\/267\/revisions\/277"}],"wp:attachment":[{"href":"https:\/\/www.ccmenuiserie.fr\/2023\/wp-json\/wp\/v2\/media?parent=267"}],"curies":[{"name":"wp","href":"https:\/\/api.w.org\/{rel}","templated":true}]}}