{"id":326,"date":"2023-01-19T14:36:22","date_gmt":"2023-01-19T13:36:22","guid":{"rendered":"https:\/\/www.ccmenuiserie.fr\/2023\/?page_id=326"},"modified":"2024-10-27T11:00:53","modified_gmt":"2024-10-27T10:00:53","slug":"galerie","status":"publish","type":"page","link":"https:\/\/www.ccmenuiserie.fr\/2023\/galerie\/","title":{"rendered":"Galerie"},"content":{"rendered":"<p>[et_pb_section fb_built=\u00a0\u00bb1&Prime; admin_label=\u00a0\u00bbHero section\u00a0\u00bb _builder_version=\u00a0\u00bb4.19.4&Prime; background_color=\u00a0\u00bb#A6C738&Prime; use_background_color_gradient=\u00a0\u00bbon\u00a0\u00bb background_color_gradient_stops=\u00a0\u00bb#0a0606 0%|rgba(166,199,56,0) 100%\u00a0\u00bb background_color_gradient_overlays_image=\u00a0\u00bbon\u00a0\u00bb background_color_gradient_start=\u00a0\u00bbrgba(150,105,97,0.67)\u00a0\u00bb background_color_gradient_end=\u00a0\u00bbrgba(2,0,76,0.84)\u00a0\u00bb background_image=\u00a0\u00bbhttps:\/\/www.ccmenuiserie.fr\/2023\/wp-content\/uploads\/2023\/01\/bg-footer-promo-art-et-fenetre-200123-650px.png\u00a0\u00bb parallax=\u00a0\u00bbon\u00a0\u00bb custom_margin=\u00a0\u00bb|||\u00a0\u00bb custom_padding=\u00a0\u00bb7.2%||2.6%|||\u00a0\u00bb global_colors_info=\u00a0\u00bb{}\u00a0\u00bb][et_pb_row use_custom_gutter=\u00a0\u00bbon\u00a0\u00bb _builder_version=\u00a0\u00bb4.19.4&Prime; background_enable_image=\u00a0\u00bboff\u00a0\u00bb parallax=\u00a0\u00bbon\u00a0\u00bb max_width=\u00a0\u00bb1694px\u00a0\u00bb custom_margin=\u00a0\u00bb-75px|auto||auto||\u00a0\u00bb global_colors_info=\u00a0\u00bb{}\u00a0\u00bb][et_pb_column type=\u00a0\u00bb4_4&Prime; _builder_version=\u00a0\u00bb4.19.4&Prime; background_color=\u00a0\u00bbRGBA(255,255,255,0)\u00a0\u00bb custom_padding=\u00a0\u00bb1px|||\u00a0\u00bb global_colors_info=\u00a0\u00bb{}\u00a0\u00bb custom_padding__hover=\u00a0\u00bb|||\u00a0\u00bb][et_pb_text _builder_version=\u00a0\u00bb4.19.4&Prime; _module_preset=\u00a0\u00bbdefault\u00a0\u00bb text_font=\u00a0\u00bb|700|||||||\u00a0\u00bb text_text_color=\u00a0\u00bb#FFFFFF\u00a0\u00bb text_font_size=\u00a0\u00bb31px\u00a0\u00bb global_colors_info=\u00a0\u00bb{}\u00a0\u00bb]<\/p>\n<p style=\"text-align: center;\"><strong>GALERIE DE NOS R\u00c9ALISATIONS<\/strong><\/p>\n<p>[\/et_pb_text][et_pb_text _builder_version=\u00a0\u00bb4.19.4&Prime; _module_preset=\u00a0\u00bbdefault\u00a0\u00bb text_font=\u00a0\u00bb||||||||\u00a0\u00bb text_text_color=\u00a0\u00bb#FFFFFF\u00a0\u00bb text_font_size=\u00a0\u00bb23px\u00a0\u00bb global_colors_info=\u00a0\u00bb{}\u00a0\u00bb]<\/p>\n<p style=\"text-align: center;\"><span>Parce que les images parlent d\u2019elles-m\u00eames, et qu\u2019elles sont la vitrine de notre savoir-faire,<br \/>d\u00e9couvrez les photos des travaux de menuiseries r\u00e9alis\u00e9s par nos \u00e9quipes de professionnels en\u00a0Is\u00e8re !<\/span><\/p>\n<p>[\/et_pb_text][\/et_pb_column][\/et_pb_row][\/et_pb_section][et_pb_section fb_built=\u00a0\u00bb1&Prime; _builder_version=\u00a0\u00bb4.19.4&Prime; _module_preset=\u00a0\u00bbdefault\u00a0\u00bb global_colors_info=\u00a0\u00bb{}\u00a0\u00bb global_module=\u00a0\u00bb2673&Prime; theme_builder_area=\u00a0\u00bbpost_content\u00a0\u00bb][et_pb_row disabled_on=\u00a0\u00bbon|on|on\u00a0\u00bb _builder_version=\u00a0\u00bb4.19.4&Prime; _module_preset=\u00a0\u00bbdefault\u00a0\u00bb disabled=\u00a0\u00bbon\u00a0\u00bb global_colors_info=\u00a0\u00bb{}\u00a0\u00bb theme_builder_area=\u00a0\u00bbpost_content\u00a0\u00bb][et_pb_column type=\u00a0\u00bb4_4&Prime; _builder_version=\u00a0\u00bb4.19.4&Prime; _module_preset=\u00a0\u00bbdefault\u00a0\u00bb global_colors_info=\u00a0\u00bb{}\u00a0\u00bb theme_builder_area=\u00a0\u00bbpost_content\u00a0\u00bb][et_pb_text _builder_version=\u00a0\u00bb4.19.4&Prime; _module_preset=\u00a0\u00bbdefault\u00a0\u00bb text_font=\u00a0\u00bb|700|||||||\u00a0\u00bb text_text_color=\u00a0\u00bb#9E9E9E\u00a0\u00bb text_font_size=\u00a0\u00bb19px\u00a0\u00bb global_colors_info=\u00a0\u00bb{}\u00a0\u00bb theme_builder_area=\u00a0\u00bbpost_content\u00a0\u00bb]<\/p>\n<p>CHOIX PAR ANN\u00c9E<\/p>\n<p>[\/et_pb_text][\/et_pb_column][\/et_pb_row][et_pb_row column_structure=\u00a0\u00bb1_3,1_3,1_3&Prime; disabled_on=\u00a0\u00bbon|on|on\u00a0\u00bb _builder_version=\u00a0\u00bb4.19.4&Prime; _module_preset=\u00a0\u00bbdefault\u00a0\u00bb disabled=\u00a0\u00bbon\u00a0\u00bb global_colors_info=\u00a0\u00bb{}\u00a0\u00bb theme_builder_area=\u00a0\u00bbpost_content\u00a0\u00bb][et_pb_column type=\u00a0\u00bb1_3&Prime; _builder_version=\u00a0\u00bb4.19.4&Prime; _module_preset=\u00a0\u00bbdefault\u00a0\u00bb global_colors_info=\u00a0\u00bb{}\u00a0\u00bb theme_builder_area=\u00a0\u00bbpost_content\u00a0\u00bb][et_pb_button button_url=\u00a0\u00bb@ET-DC@eyJkeW5hbWljIjp0cnVlLCJjb250ZW50IjoicG9zdF9saW5rX3VybF9wYWdlIiwic2V0dGluZ3MiOnsicG9zdF9pZCI6IjEwNTUifX0=@\u00a0\u00bb button_text=\u00a0\u00bbR\u00c9ALISATIONS 2023&Prime; button_alignment=\u00a0\u00bbcenter\u00a0\u00bb _builder_version=\u00a0\u00bb4.19.4&Prime; _dynamic_attributes=\u00a0\u00bbbutton_url\u00a0\u00bb _module_preset=\u00a0\u00bbdefault\u00a0\u00bb custom_button=\u00a0\u00bbon\u00a0\u00bb button_text_color=\u00a0\u00bb#FFFFFF\u00a0\u00bb button_icon=\u00a0\u00bb&#x3d;||divi||400&Prime; global_colors_info=\u00a0\u00bb{}\u00a0\u00bb theme_builder_area=\u00a0\u00bbpost_content\u00a0\u00bb][\/et_pb_button][\/et_pb_column][et_pb_column type=\u00a0\u00bb1_3&Prime; _builder_version=\u00a0\u00bb4.19.4&Prime; _module_preset=\u00a0\u00bbdefault\u00a0\u00bb global_colors_info=\u00a0\u00bb{}\u00a0\u00bb theme_builder_area=\u00a0\u00bbpost_content\u00a0\u00bb][et_pb_button button_url=\u00a0\u00bb@ET-DC@eyJkeW5hbWljIjp0cnVlLCJjb250ZW50IjoicG9zdF9saW5rX3VybF9wYWdlIiwic2V0dGluZ3MiOnsicG9zdF9pZCI6IjEwNTgifX0=@\u00a0\u00bb button_text=\u00a0\u00bbR\u00c9ALISATIONS 2022&Prime; button_alignment=\u00a0\u00bbcenter\u00a0\u00bb _builder_version=\u00a0\u00bb4.19.4&Prime; _dynamic_attributes=\u00a0\u00bbbutton_url\u00a0\u00bb _module_preset=\u00a0\u00bbdefault\u00a0\u00bb custom_button=\u00a0\u00bbon\u00a0\u00bb button_text_color=\u00a0\u00bb#FFFFFF\u00a0\u00bb button_icon=\u00a0\u00bb&#x3d;||divi||400&Prime; global_colors_info=\u00a0\u00bb{}\u00a0\u00bb theme_builder_area=\u00a0\u00bbpost_content\u00a0\u00bb][\/et_pb_button][\/et_pb_column][et_pb_column type=\u00a0\u00bb1_3&Prime; _builder_version=\u00a0\u00bb4.19.4&Prime; _module_preset=\u00a0\u00bbdefault\u00a0\u00bb global_colors_info=\u00a0\u00bb{}\u00a0\u00bb theme_builder_area=\u00a0\u00bbpost_content\u00a0\u00bb][et_pb_button button_url=\u00a0\u00bb@ET-DC@eyJkeW5hbWljIjp0cnVlLCJjb250ZW50IjoicG9zdF9saW5rX3VybF9wYWdlIiwic2V0dGluZ3MiOnsicG9zdF9pZCI6IjEwNjEifX0=@\u00a0\u00bb button_text=\u00a0\u00bbR\u00c9ALISATIONS 2021&Prime; button_alignment=\u00a0\u00bbcenter\u00a0\u00bb _builder_version=\u00a0\u00bb4.19.4&Prime; _dynamic_attributes=\u00a0\u00bbbutton_url\u00a0\u00bb _module_preset=\u00a0\u00bbdefault\u00a0\u00bb custom_button=\u00a0\u00bbon\u00a0\u00bb button_text_color=\u00a0\u00bb#FFFFFF\u00a0\u00bb button_icon=\u00a0\u00bb&#x3d;||divi||400&Prime; global_colors_info=\u00a0\u00bb{}\u00a0\u00bb theme_builder_area=\u00a0\u00bbpost_content\u00a0\u00bb][\/et_pb_button][\/et_pb_column][\/et_pb_row][et_pb_row disabled_on=\u00a0\u00bbon|on|on\u00a0\u00bb _builder_version=\u00a0\u00bb4.19.4&Prime; _module_preset=\u00a0\u00bbdefault\u00a0\u00bb disabled=\u00a0\u00bbon\u00a0\u00bb global_colors_info=\u00a0\u00bb{}\u00a0\u00bb theme_builder_area=\u00a0\u00bbpost_content\u00a0\u00bb][et_pb_column type=\u00a0\u00bb4_4&Prime; _builder_version=\u00a0\u00bb4.19.4&Prime; _module_preset=\u00a0\u00bbdefault\u00a0\u00bb global_colors_info=\u00a0\u00bb{}\u00a0\u00bb theme_builder_area=\u00a0\u00bbpost_content\u00a0\u00bb][et_pb_divider _builder_version=\u00a0\u00bb4.19.4&Prime; _module_preset=\u00a0\u00bbdefault\u00a0\u00bb global_colors_info=\u00a0\u00bb{}\u00a0\u00bb theme_builder_area=\u00a0\u00bbpost_content\u00a0\u00bb][\/et_pb_divider][\/et_pb_column][\/et_pb_row][et_pb_row _builder_version=\u00a0\u00bb4.19.4&Prime; _module_preset=\u00a0\u00bbdefault\u00a0\u00bb global_colors_info=\u00a0\u00bb{}\u00a0\u00bb theme_builder_area=\u00a0\u00bbpost_content\u00a0\u00bb][et_pb_column type=\u00a0\u00bb4_4&Prime; _builder_version=\u00a0\u00bb4.19.4&Prime; _module_preset=\u00a0\u00bbdefault\u00a0\u00bb global_colors_info=\u00a0\u00bb{}\u00a0\u00bb theme_builder_area=\u00a0\u00bbpost_content\u00a0\u00bb][et_pb_text _builder_version=\u00a0\u00bb4.19.4&Prime; _module_preset=\u00a0\u00bbdefault\u00a0\u00bb text_font=\u00a0\u00bb|700|||||||\u00a0\u00bb text_text_color=\u00a0\u00bb#9E9E9E\u00a0\u00bb text_font_size=\u00a0\u00bb19px\u00a0\u00bb global_colors_info=\u00a0\u00bb{}\u00a0\u00bb theme_builder_area=\u00a0\u00bbpost_content\u00a0\u00bb]<\/p>\n<p>CHOIX PAR RAL<\/p>\n<p>[\/et_pb_text][\/et_pb_column][\/et_pb_row][et_pb_row column_structure=\u00a0\u00bb1_6,1_6,1_6,1_6,1_6,1_6&Prime; _builder_version=\u00a0\u00bb4.19.4&Prime; _module_preset=\u00a0\u00bbdefault\u00a0\u00bb global_colors_info=\u00a0\u00bb{}\u00a0\u00bb theme_builder_area=\u00a0\u00bbpost_content\u00a0\u00bb][et_pb_column type=\u00a0\u00bb1_6&Prime; _builder_version=\u00a0\u00bb4.19.4&Prime; _module_preset=\u00a0\u00bbdefault\u00a0\u00bb global_colors_info=\u00a0\u00bb{}\u00a0\u00bb theme_builder_area=\u00a0\u00bbpost_content\u00a0\u00bb][et_pb_image src=\u00a0\u00bbhttps:\/\/www.ccmenuiserie.fr\/2023\/wp-content\/uploads\/2023\/02\/CCM-ART-ET-FENETRES-RAL-BLANC.jpg\u00a0\u00bb title_text=\u00a0\u00bbCCM-ART-ET-FENETRES-RAL-BLANC\u00a0\u00bb url=\u00a0\u00bbhttps:\/\/www.ccmenuiserie.fr\/2023\/category\/ral-blanc\u00a0\u00bb _builder_version=\u00a0\u00bb4.19.4&Prime; _module_preset=\u00a0\u00bbdefault\u00a0\u00bb background_color=\u00a0\u00bbRGBA(255,255,255,0)\u00a0\u00bb width=\u00a0\u00bb75%\u00a0\u00bb max_width=\u00a0\u00bb75%\u00a0\u00bb animation_style=\u00a0\u00bbfold\u00a0\u00bb animation_duration=\u00a0\u00bb700ms\u00a0\u00bb border_radii=\u00a0\u00bboff||40px||\u00a0\u00bb box_shadow_style=\u00a0\u00bbpreset3&Prime; global_colors_info=\u00a0\u00bb{}\u00a0\u00bb theme_builder_area=\u00a0\u00bbpost_content\u00a0\u00bb][\/et_pb_image][et_pb_text _builder_version=\u00a0\u00bb4.19.4&Prime; _module_preset=\u00a0\u00bbdefault\u00a0\u00bb text_font=\u00a0\u00bb|700|||||||\u00a0\u00bb text_text_color=\u00a0\u00bb#9E9E9E\u00a0\u00bb text_font_size=\u00a0\u00bb19px\u00a0\u00bb link_option_url=\u00a0\u00bbhttps:\/\/www.ccmenuiserie.fr\/2023\/category\/ral-blanc\u00a0\u00bb global_colors_info=\u00a0\u00bb{}\u00a0\u00bb theme_builder_area=\u00a0\u00bbpost_content\u00a0\u00bb]<\/p>\n<p>BLANC<\/p>\n<p>[\/et_pb_text][et_pb_post_nav in_same_term=\u00a0\u00bbon\u00a0\u00bb taxonomy_name=\u00a0\u00bbpergola, porte, pvc\u00a0\u00bb show_prev=\u00a0\u00bboff\u00a0\u00bb show_next=\u00a0\u00bboff\u00a0\u00bb _builder_version=\u00a0\u00bb4.19.4&Prime; _module_preset=\u00a0\u00bbdefault\u00a0\u00bb global_colors_info=\u00a0\u00bb{}\u00a0\u00bb theme_builder_area=\u00a0\u00bbpost_content\u00a0\u00bb][\/et_pb_post_nav][\/et_pb_column][et_pb_column type=\u00a0\u00bb1_6&Prime; _builder_version=\u00a0\u00bb4.19.4&Prime; _module_preset=\u00a0\u00bbdefault\u00a0\u00bb global_colors_info=\u00a0\u00bb{}\u00a0\u00bb theme_builder_area=\u00a0\u00bbpost_content\u00a0\u00bb][et_pb_image src=\u00a0\u00bbhttps:\/\/www.ccmenuiserie.fr\/2023\/wp-content\/uploads\/2024\/01\/ral-1015-art-et-fenetres.jpg\u00a0\u00bb title_text=\u00a0\u00bbral-1015-art-et-fenetres\u00a0\u00bb url=\u00a0\u00bbhttps:\/\/www.ccmenuiserie.fr\/2023\/category\/ral-1015\/\u00a0\u00bb _builder_version=\u00a0\u00bb4.24.0&Prime; _module_preset=\u00a0\u00bbdefault\u00a0\u00bb background_color=\u00a0\u00bbRGBA(255,255,255,0)\u00a0\u00bb width=\u00a0\u00bb75%\u00a0\u00bb max_width=\u00a0\u00bb75%\u00a0\u00bb animation_style=\u00a0\u00bbfold\u00a0\u00bb animation_duration=\u00a0\u00bb400ms\u00a0\u00bb border_radii=\u00a0\u00bboff||40px||\u00a0\u00bb box_shadow_style=\u00a0\u00bbpreset3&Prime; global_colors_info=\u00a0\u00bb{}\u00a0\u00bb theme_builder_area=\u00a0\u00bbpost_content\u00a0\u00bb][\/et_pb_image][et_pb_text _builder_version=\u00a0\u00bb4.24.0&Prime; _module_preset=\u00a0\u00bbdefault\u00a0\u00bb text_font=\u00a0\u00bb|700|||||||\u00a0\u00bb text_text_color=\u00a0\u00bb#9E9E9E\u00a0\u00bb text_font_size=\u00a0\u00bb19px\u00a0\u00bb link_option_url=\u00a0\u00bbhttps:\/\/www.ccmenuiserie.fr\/2023\/category\/ral-1015\/\u00a0\u00bb global_colors_info=\u00a0\u00bb{}\u00a0\u00bb theme_builder_area=\u00a0\u00bbpost_content\u00a0\u00bb]<\/p>\n<p>RAL 1015<\/p>\n<p>[\/et_pb_text][\/et_pb_column][et_pb_column type=\u00a0\u00bb1_6&Prime; _builder_version=\u00a0\u00bb4.19.4&Prime; _module_preset=\u00a0\u00bbdefault\u00a0\u00bb global_colors_info=\u00a0\u00bb{}\u00a0\u00bb theme_builder_area=\u00a0\u00bbpost_content\u00a0\u00bb][et_pb_image src=\u00a0\u00bbhttps:\/\/www.ccmenuiserie.fr\/2023\/wp-content\/uploads\/2023\/02\/CCM-ART-ET-FENETRES-RAL-1247.jpg\u00a0\u00bb title_text=\u00a0\u00bbCCM-ART-ET-FENETRES-RAL-1247&Prime; url=\u00a0\u00bbhttps:\/\/www.ccmenuiserie.fr\/2023\/category\/ral-1247\/\u00a0\u00bb _builder_version=\u00a0\u00bb4.19.4&Prime; _module_preset=\u00a0\u00bbdefault\u00a0\u00bb background_color=\u00a0\u00bbRGBA(255,255,255,0)\u00a0\u00bb width=\u00a0\u00bb75%\u00a0\u00bb max_width=\u00a0\u00bb75%\u00a0\u00bb animation_style=\u00a0\u00bbfold\u00a0\u00bb animation_duration=\u00a0\u00bb400ms\u00a0\u00bb border_radii=\u00a0\u00bboff||40px||\u00a0\u00bb box_shadow_style=\u00a0\u00bbpreset3&Prime; global_colors_info=\u00a0\u00bb{}\u00a0\u00bb theme_builder_area=\u00a0\u00bbpost_content\u00a0\u00bb][\/et_pb_image][et_pb_text _builder_version=\u00a0\u00bb4.19.4&Prime; _module_preset=\u00a0\u00bbdefault\u00a0\u00bb text_font=\u00a0\u00bb|700|||||||\u00a0\u00bb text_text_color=\u00a0\u00bb#9E9E9E\u00a0\u00bb text_font_size=\u00a0\u00bb19px\u00a0\u00bb link_option_url=\u00a0\u00bbhttps:\/\/www.ccmenuiserie.fr\/2023\/category\/ral-1247\/\u00a0\u00bb global_colors_info=\u00a0\u00bb{}\u00a0\u00bb theme_builder_area=\u00a0\u00bbpost_content\u00a0\u00bb]<\/p>\n<p>RAL 1247<\/p>\n<p>[\/et_pb_text][\/et_pb_column][et_pb_column type=\u00a0\u00bb1_6&Prime; _builder_version=\u00a0\u00bb4.19.4&Prime; _module_preset=\u00a0\u00bbdefault\u00a0\u00bb global_colors_info=\u00a0\u00bb{}\u00a0\u00bb theme_builder_area=\u00a0\u00bbpost_content\u00a0\u00bb][\/et_pb_column][et_pb_column type=\u00a0\u00bb1_6&Prime; _builder_version=\u00a0\u00bb4.19.4&Prime; _module_preset=\u00a0\u00bbdefault\u00a0\u00bb global_colors_info=\u00a0\u00bb{}\u00a0\u00bb theme_builder_area=\u00a0\u00bbpost_content\u00a0\u00bb][\/et_pb_column][et_pb_column type=\u00a0\u00bb1_6&Prime; _builder_version=\u00a0\u00bb4.19.4&Prime; _module_preset=\u00a0\u00bbdefault\u00a0\u00bb global_colors_info=\u00a0\u00bb{}\u00a0\u00bb theme_builder_area=\u00a0\u00bbpost_content\u00a0\u00bb][\/et_pb_column][\/et_pb_row][et_pb_row column_structure=\u00a0\u00bb1_6,1_6,1_6,1_6,1_6,1_6&Prime; _builder_version=\u00a0\u00bb4.19.4&Prime; _module_preset=\u00a0\u00bbdefault\u00a0\u00bb global_colors_info=\u00a0\u00bb{}\u00a0\u00bb theme_builder_area=\u00a0\u00bbpost_content\u00a0\u00bb][et_pb_column type=\u00a0\u00bb1_6&Prime; _builder_version=\u00a0\u00bb4.19.4&Prime; _module_preset=\u00a0\u00bbdefault\u00a0\u00bb global_colors_info=\u00a0\u00bb{}\u00a0\u00bb theme_builder_area=\u00a0\u00bbpost_content\u00a0\u00bb][et_pb_image src=\u00a0\u00bbhttps:\/\/www.ccmenuiserie.fr\/2023\/wp-content\/uploads\/2023\/01\/ral-2100-sable-ccmenuiserie-art-et-fenetres.jpg\u00a0\u00bb title_text=\u00a0\u00bbral-2100-sable-ccmenuiserie-art-et-fenetres\u00a0\u00bb url=\u00a0\u00bbhttps:\/\/www.ccmenuiserie.fr\/2023\/category\/ral-2100&Prime; _builder_version=\u00a0\u00bb4.19.4&Prime; _module_preset=\u00a0\u00bbdefault\u00a0\u00bb background_color=\u00a0\u00bbRGBA(255,255,255,0)\u00a0\u00bb width=\u00a0\u00bb75%\u00a0\u00bb max_width=\u00a0\u00bb75%\u00a0\u00bb animation_style=\u00a0\u00bbfold\u00a0\u00bb border_radii=\u00a0\u00bboff||40px||\u00a0\u00bb box_shadow_style=\u00a0\u00bbpreset3&Prime; global_colors_info=\u00a0\u00bb{}\u00a0\u00bb theme_builder_area=\u00a0\u00bbpost_content\u00a0\u00bb][\/et_pb_image][et_pb_text _builder_version=\u00a0\u00bb4.19.4&Prime; _module_preset=\u00a0\u00bbdefault\u00a0\u00bb text_font=\u00a0\u00bb|700|||||||\u00a0\u00bb text_text_color=\u00a0\u00bb#9E9E9E\u00a0\u00bb text_font_size=\u00a0\u00bb19px\u00a0\u00bb link_option_url=\u00a0\u00bbhttps:\/\/www.ccmenuiserie.fr\/2023\/category\/ral-2100&Prime; global_colors_info=\u00a0\u00bb{}\u00a0\u00bb theme_builder_area=\u00a0\u00bbpost_content\u00a0\u00bb]<\/p>\n<p>RAL 2100 SABL\u00c9<\/p>\n<p>[\/et_pb_text][et_pb_post_nav in_same_term=\u00a0\u00bbon\u00a0\u00bb taxonomy_name=\u00a0\u00bbpergola, porte, pvc\u00a0\u00bb show_prev=\u00a0\u00bboff\u00a0\u00bb show_next=\u00a0\u00bboff\u00a0\u00bb _builder_version=\u00a0\u00bb4.19.4&Prime; _module_preset=\u00a0\u00bbdefault\u00a0\u00bb global_colors_info=\u00a0\u00bb{}\u00a0\u00bb theme_builder_area=\u00a0\u00bbpost_content\u00a0\u00bb][\/et_pb_post_nav][\/et_pb_column][et_pb_column type=\u00a0\u00bb1_6&Prime; _builder_version=\u00a0\u00bb4.19.4&Prime; _module_preset=\u00a0\u00bbdefault\u00a0\u00bb global_colors_info=\u00a0\u00bb{}\u00a0\u00bb theme_builder_area=\u00a0\u00bbpost_content\u00a0\u00bb][et_pb_image src=\u00a0\u00bbhttps:\/\/www.ccmenuiserie.fr\/2023\/wp-content\/uploads\/2023\/01\/ral-2800-sable-ccmenuiserie-art-et-fenetres.jpg\u00a0\u00bb title_text=\u00a0\u00bbral-2800-sable-ccmenuiserie-art-et-fenetres\u00a0\u00bb url=\u00a0\u00bbhttps:\/\/www.ccmenuiserie.fr\/2023\/category\/ral-2800\/\u00a0\u00bb _builder_version=\u00a0\u00bb4.19.4&Prime; _module_preset=\u00a0\u00bbdefault\u00a0\u00bb background_color=\u00a0\u00bbRGBA(255,255,255,0)\u00a0\u00bb width=\u00a0\u00bb75%\u00a0\u00bb max_width=\u00a0\u00bb75%\u00a0\u00bb animation_style=\u00a0\u00bbfold\u00a0\u00bb animation_duration=\u00a0\u00bb200ms\u00a0\u00bb border_radii=\u00a0\u00bboff||40px||\u00a0\u00bb box_shadow_style=\u00a0\u00bbpreset3&Prime; global_colors_info=\u00a0\u00bb{}\u00a0\u00bb theme_builder_area=\u00a0\u00bbpost_content\u00a0\u00bb][\/et_pb_image][et_pb_text _builder_version=\u00a0\u00bb4.19.4&Prime; _module_preset=\u00a0\u00bbdefault\u00a0\u00bb text_font=\u00a0\u00bb|700|||||||\u00a0\u00bb text_text_color=\u00a0\u00bb#9E9E9E\u00a0\u00bb text_font_size=\u00a0\u00bb19px\u00a0\u00bb link_option_url=\u00a0\u00bbhttps:\/\/www.ccmenuiserie.fr\/2023\/category\/ral-2800\/\u00a0\u00bb global_colors_info=\u00a0\u00bb{}\u00a0\u00bb theme_builder_area=\u00a0\u00bbpost_content\u00a0\u00bb]<\/p>\n<p>RAL 2800 SABL\u00c9<\/p>\n<p>[\/et_pb_text][\/et_pb_column][et_pb_column type=\u00a0\u00bb1_6&Prime; _builder_version=\u00a0\u00bb4.19.4&Prime; _module_preset=\u00a0\u00bbdefault\u00a0\u00bb global_colors_info=\u00a0\u00bb{}\u00a0\u00bb theme_builder_area=\u00a0\u00bbpost_content\u00a0\u00bb][et_pb_image src=\u00a0\u00bbhttps:\/\/www.ccmenuiserie.fr\/2023\/wp-content\/uploads\/2023\/01\/ral-2900-sable-ccmenuiserie-art-et-fenetres.jpg\u00a0\u00bb title_text=\u00a0\u00bbral-2900-sable-ccmenuiserie-art-et-fenetres\u00a0\u00bb url=\u00a0\u00bbhttps:\/\/www.ccmenuiserie.fr\/2023\/category\/ral-2900\/\u00a0\u00bb _builder_version=\u00a0\u00bb4.19.4&Prime; _module_preset=\u00a0\u00bbdefault\u00a0\u00bb background_color=\u00a0\u00bbRGBA(255,255,255,0)\u00a0\u00bb width=\u00a0\u00bb75%\u00a0\u00bb max_width=\u00a0\u00bb75%\u00a0\u00bb animation_style=\u00a0\u00bbfold\u00a0\u00bb animation_duration=\u00a0\u00bb300ms\u00a0\u00bb border_radii=\u00a0\u00bboff||40px||\u00a0\u00bb box_shadow_style=\u00a0\u00bbpreset3&Prime; global_colors_info=\u00a0\u00bb{}\u00a0\u00bb theme_builder_area=\u00a0\u00bbpost_content\u00a0\u00bb][\/et_pb_image][et_pb_text _builder_version=\u00a0\u00bb4.19.4&Prime; _module_preset=\u00a0\u00bbdefault\u00a0\u00bb text_font=\u00a0\u00bb|700|||||||\u00a0\u00bb text_text_color=\u00a0\u00bb#9E9E9E\u00a0\u00bb text_font_size=\u00a0\u00bb19px\u00a0\u00bb link_option_url=\u00a0\u00bbhttps:\/\/www.ccmenuiserie.fr\/2023\/category\/ral-2900\/\u00a0\u00bb global_colors_info=\u00a0\u00bb{}\u00a0\u00bb theme_builder_area=\u00a0\u00bbpost_content\u00a0\u00bb]<\/p>\n<p>RAL 2900 SABL\u00c9<\/p>\n<p>[\/et_pb_text][\/et_pb_column][et_pb_column type=\u00a0\u00bb1_6&Prime; _builder_version=\u00a0\u00bb4.19.4&Prime; _module_preset=\u00a0\u00bbdefault\u00a0\u00bb global_colors_info=\u00a0\u00bb{}\u00a0\u00bb theme_builder_area=\u00a0\u00bbpost_content\u00a0\u00bb][et_pb_image src=\u00a0\u00bbhttps:\/\/www.ccmenuiserie.fr\/2023\/wp-content\/uploads\/2023\/01\/ral-3004-sable-ccmenuiserie-art-et-fenetres.jpg\u00a0\u00bb title_text=\u00a0\u00bbral-3004-sable-ccmenuiserie-art-et-fenetres\u00a0\u00bb url=\u00a0\u00bbhttps:\/\/www.ccmenuiserie.fr\/2023\/category\/ral-3004\/\u00a0\u00bb _builder_version=\u00a0\u00bb4.19.4&Prime; _module_preset=\u00a0\u00bbdefault\u00a0\u00bb background_color=\u00a0\u00bbRGBA(255,255,255,0)\u00a0\u00bb width=\u00a0\u00bb75%\u00a0\u00bb max_width=\u00a0\u00bb75%\u00a0\u00bb animation_style=\u00a0\u00bbfold\u00a0\u00bb animation_duration=\u00a0\u00bb400ms\u00a0\u00bb border_radii=\u00a0\u00bboff||40px||\u00a0\u00bb box_shadow_style=\u00a0\u00bbpreset3&Prime; global_colors_info=\u00a0\u00bb{}\u00a0\u00bb theme_builder_area=\u00a0\u00bbpost_content\u00a0\u00bb][\/et_pb_image][et_pb_text _builder_version=\u00a0\u00bb4.19.4&Prime; _module_preset=\u00a0\u00bbdefault\u00a0\u00bb text_font=\u00a0\u00bb|700|||||||\u00a0\u00bb text_text_color=\u00a0\u00bb#9E9E9E\u00a0\u00bb text_font_size=\u00a0\u00bb19px\u00a0\u00bb link_option_url=\u00a0\u00bbhttps:\/\/www.ccmenuiserie.fr\/2023\/category\/ral-3004\/\u00a0\u00bb global_colors_info=\u00a0\u00bb{}\u00a0\u00bb theme_builder_area=\u00a0\u00bbpost_content\u00a0\u00bb]<\/p>\n<p>RAL 3004<\/p>\n<p>[\/et_pb_text][\/et_pb_column][et_pb_column type=\u00a0\u00bb1_6&Prime; _builder_version=\u00a0\u00bb4.19.4&Prime; _module_preset=\u00a0\u00bbdefault\u00a0\u00bb global_colors_info=\u00a0\u00bb{}\u00a0\u00bb theme_builder_area=\u00a0\u00bbpost_content\u00a0\u00bb][\/et_pb_column][et_pb_column type=\u00a0\u00bb1_6&Prime; _builder_version=\u00a0\u00bb4.19.4&Prime; _module_preset=\u00a0\u00bbdefault\u00a0\u00bb global_colors_info=\u00a0\u00bb{}\u00a0\u00bb theme_builder_area=\u00a0\u00bbpost_content\u00a0\u00bb][\/et_pb_column][\/et_pb_row][et_pb_row column_structure=\u00a0\u00bb1_6,1_6,1_6,1_6,1_6,1_6&Prime; make_equal=\u00a0\u00bbon\u00a0\u00bb _builder_version=\u00a0\u00bb4.19.4&Prime; _module_preset=\u00a0\u00bbdefault\u00a0\u00bb module_alignment=\u00a0\u00bbcenter\u00a0\u00bb global_colors_info=\u00a0\u00bb{}\u00a0\u00bb theme_builder_area=\u00a0\u00bbpost_content\u00a0\u00bb][et_pb_column type=\u00a0\u00bb1_6&Prime; _builder_version=\u00a0\u00bb4.19.4&Prime; _module_preset=\u00a0\u00bbdefault\u00a0\u00bb global_colors_info=\u00a0\u00bb{}\u00a0\u00bb theme_builder_area=\u00a0\u00bbpost_content\u00a0\u00bb][et_pb_image src=\u00a0\u00bbhttps:\/\/www.ccmenuiserie.fr\/2023\/wp-content\/uploads\/2023\/03\/ral-vert-6005.jpg\u00a0\u00bb title_text=\u00a0\u00bbral-vert-6005&Prime; url=\u00a0\u00bbhttps:\/\/www.ccmenuiserie.fr\/2023\/category\/ral-6005&Prime; src_tablet=\u00a0\u00bbhttps:\/\/www.ccmenuiserie.fr\/2023\/wp-content\/uploads\/2023\/01\/ral-7016-ccmenuiserie-art-et-fenetres.jpg\u00a0\u00bb src_phone=\u00a0\u00bbhttps:\/\/www.ccmenuiserie.fr\/2023\/wp-content\/uploads\/2023\/01\/ral-7016-ccmenuiserie-art-et-fenetres.jpg\u00a0\u00bb src_last_edited=\u00a0\u00bbon|desktop\u00a0\u00bb _builder_version=\u00a0\u00bb4.19.4&Prime; _module_preset=\u00a0\u00bbdefault\u00a0\u00bb background_color=\u00a0\u00bbRGBA(255,255,255,0)\u00a0\u00bb width=\u00a0\u00bb75%\u00a0\u00bb max_width=\u00a0\u00bb75%\u00a0\u00bb animation_style=\u00a0\u00bbfold\u00a0\u00bb animation_duration=\u00a0\u00bb500ms\u00a0\u00bb border_radii=\u00a0\u00bboff||40px||\u00a0\u00bb box_shadow_style=\u00a0\u00bbpreset3&Prime; global_colors_info=\u00a0\u00bb{}\u00a0\u00bb theme_builder_area=\u00a0\u00bbpost_content\u00a0\u00bb][\/et_pb_image][et_pb_text _builder_version=\u00a0\u00bb4.19.4&Prime; _module_preset=\u00a0\u00bbdefault\u00a0\u00bb text_font=\u00a0\u00bb|700|||||||\u00a0\u00bb text_text_color=\u00a0\u00bb#9E9E9E\u00a0\u00bb text_font_size=\u00a0\u00bb19px\u00a0\u00bb link_option_url=\u00a0\u00bbhttps:\/\/www.ccmenuiserie.fr\/2023\/category\/ral-6005&Prime; global_colors_info=\u00a0\u00bb{}\u00a0\u00bb theme_builder_area=\u00a0\u00bbpost_content\u00a0\u00bb]<\/p>\n<p>RAL 6005<\/p>\n<p>[\/et_pb_text][et_pb_post_nav in_same_term=\u00a0\u00bbon\u00a0\u00bb taxonomy_name=\u00a0\u00bbpergola, porte, pvc\u00a0\u00bb show_prev=\u00a0\u00bboff\u00a0\u00bb show_next=\u00a0\u00bboff\u00a0\u00bb _builder_version=\u00a0\u00bb4.19.4&Prime; _module_preset=\u00a0\u00bbdefault\u00a0\u00bb global_colors_info=\u00a0\u00bb{}\u00a0\u00bb theme_builder_area=\u00a0\u00bbpost_content\u00a0\u00bb][\/et_pb_post_nav][\/et_pb_column][et_pb_column type=\u00a0\u00bb1_6&Prime; _builder_version=\u00a0\u00bb4.19.4&Prime; _module_preset=\u00a0\u00bbdefault\u00a0\u00bb global_colors_info=\u00a0\u00bb{}\u00a0\u00bb theme_builder_area=\u00a0\u00bbpost_content\u00a0\u00bb][et_pb_image src=\u00a0\u00bbhttps:\/\/www.ccmenuiserie.fr\/2023\/wp-content\/uploads\/2024\/10\/ral-6009-ccmenuiserie-art-et-fenetres.jpg\u00a0\u00bb title_text=\u00a0\u00bbral-6009-ccmenuiserie-art-et-fenetres\u00a0\u00bb url=\u00a0\u00bbhttps:\/\/www.ccmenuiserie.fr\/2023\/category\/ral-6009\/\u00a0\u00bb _builder_version=\u00a0\u00bb4.27.2&Prime; _module_preset=\u00a0\u00bbdefault\u00a0\u00bb background_color=\u00a0\u00bbRGBA(255,255,255,0)\u00a0\u00bb width=\u00a0\u00bb75%\u00a0\u00bb max_width=\u00a0\u00bb75%\u00a0\u00bb animation_style=\u00a0\u00bbfold\u00a0\u00bb animation_duration=\u00a0\u00bb600ms\u00a0\u00bb border_radii=\u00a0\u00bboff||40px||\u00a0\u00bb box_shadow_style=\u00a0\u00bbpreset3&Prime; global_colors_info=\u00a0\u00bb{}\u00a0\u00bb theme_builder_area=\u00a0\u00bbpost_content\u00a0\u00bb][\/et_pb_image][et_pb_text _builder_version=\u00a0\u00bb4.27.2&Prime; _module_preset=\u00a0\u00bbdefault\u00a0\u00bb text_font=\u00a0\u00bb|700|||||||\u00a0\u00bb text_text_color=\u00a0\u00bb#9E9E9E\u00a0\u00bb text_font_size=\u00a0\u00bb19px\u00a0\u00bb link_option_url=\u00a0\u00bbhttps:\/\/www.ccmenuiserie.fr\/2023\/category\/ral-6009\/\u00a0\u00bb global_colors_info=\u00a0\u00bb{}\u00a0\u00bb theme_builder_area=\u00a0\u00bbpost_content\u00a0\u00bb]<\/p>\n<p>RAL 6009<\/p>\n<p>[\/et_pb_text][\/et_pb_column][et_pb_column type=\u00a0\u00bb1_6&Prime; _builder_version=\u00a0\u00bb4.19.4&Prime; _module_preset=\u00a0\u00bbdefault\u00a0\u00bb global_colors_info=\u00a0\u00bb{}\u00a0\u00bb theme_builder_area=\u00a0\u00bbpost_content\u00a0\u00bb][et_pb_image src=\u00a0\u00bbhttps:\/\/www.ccmenuiserie.fr\/2023\/wp-content\/uploads\/2023\/02\/CCM-ART-ET-FENETRES-RAL-6021.jpg\u00a0\u00bb title_text=\u00a0\u00bbCCM-ART-ET-FENETRES-RAL-6021&Prime; url=\u00a0\u00bbhttps:\/\/www.ccmenuiserie.fr\/2023\/category\/ral-6021\/\u00a0\u00bb _builder_version=\u00a0\u00bb4.19.4&Prime; _module_preset=\u00a0\u00bbdefault\u00a0\u00bb background_color=\u00a0\u00bbRGBA(255,255,255,0)\u00a0\u00bb width=\u00a0\u00bb75%\u00a0\u00bb max_width=\u00a0\u00bb75%\u00a0\u00bb animation_style=\u00a0\u00bbfold\u00a0\u00bb animation_duration=\u00a0\u00bb600ms\u00a0\u00bb border_radii=\u00a0\u00bboff||40px||\u00a0\u00bb box_shadow_style=\u00a0\u00bbpreset3&Prime; global_colors_info=\u00a0\u00bb{}\u00a0\u00bb theme_builder_area=\u00a0\u00bbpost_content\u00a0\u00bb][\/et_pb_image][et_pb_text _builder_version=\u00a0\u00bb4.19.4&Prime; _module_preset=\u00a0\u00bbdefault\u00a0\u00bb text_font=\u00a0\u00bb|700|||||||\u00a0\u00bb text_text_color=\u00a0\u00bb#9E9E9E\u00a0\u00bb text_font_size=\u00a0\u00bb19px\u00a0\u00bb link_option_url=\u00a0\u00bbhttps:\/\/www.ccmenuiserie.fr\/2023\/category\/ral-6021&Prime; global_colors_info=\u00a0\u00bb{}\u00a0\u00bb theme_builder_area=\u00a0\u00bbpost_content\u00a0\u00bb]<\/p>\n<p>RAL 6021<\/p>\n<p>[\/et_pb_text][\/et_pb_column][et_pb_column type=\u00a0\u00bb1_6&Prime; _builder_version=\u00a0\u00bb4.19.4&Prime; _module_preset=\u00a0\u00bbdefault\u00a0\u00bb global_colors_info=\u00a0\u00bb{}\u00a0\u00bb theme_builder_area=\u00a0\u00bbpost_content\u00a0\u00bb][\/et_pb_column][et_pb_column type=\u00a0\u00bb1_6&Prime; _builder_version=\u00a0\u00bb4.19.4&Prime; _module_preset=\u00a0\u00bbdefault\u00a0\u00bb global_colors_info=\u00a0\u00bb{}\u00a0\u00bb theme_builder_area=\u00a0\u00bbpost_content\u00a0\u00bb][\/et_pb_column][et_pb_column type=\u00a0\u00bb1_6&Prime; _builder_version=\u00a0\u00bb4.19.4&Prime; _module_preset=\u00a0\u00bbdefault\u00a0\u00bb global_colors_info=\u00a0\u00bb{}\u00a0\u00bb theme_builder_area=\u00a0\u00bbpost_content\u00a0\u00bb][\/et_pb_column][\/et_pb_row][et_pb_row column_structure=\u00a0\u00bb1_6,1_6,1_6,1_6,1_6,1_6&Prime; _builder_version=\u00a0\u00bb4.19.4&Prime; _module_preset=\u00a0\u00bbdefault\u00a0\u00bb custom_padding=\u00a0\u00bb||28px|||\u00a0\u00bb global_colors_info=\u00a0\u00bb{}\u00a0\u00bb theme_builder_area=\u00a0\u00bbpost_content\u00a0\u00bb][et_pb_column type=\u00a0\u00bb1_6&Prime; _builder_version=\u00a0\u00bb4.19.4&Prime; _module_preset=\u00a0\u00bbdefault\u00a0\u00bb global_colors_info=\u00a0\u00bb{}\u00a0\u00bb theme_builder_area=\u00a0\u00bbpost_content\u00a0\u00bb][et_pb_image src=\u00a0\u00bbhttps:\/\/www.ccmenuiserie.fr\/2023\/wp-content\/uploads\/2023\/02\/CCM-ART-ET-FENETRES-RAL-7001.jpg\u00a0\u00bb title_text=\u00a0\u00bbCCM-ART-ET-FENETRES-RAL-7001&Prime; url=\u00a0\u00bbhttps:\/\/www.ccmenuiserie.fr\/2023\/category\/ral-7001\/\u00a0\u00bb _builder_version=\u00a0\u00bb4.19.4&Prime; _module_preset=\u00a0\u00bbdefault\u00a0\u00bb background_color=\u00a0\u00bbRGBA(255,255,255,0)\u00a0\u00bb width=\u00a0\u00bb75%\u00a0\u00bb max_width=\u00a0\u00bb75%\u00a0\u00bb animation_style=\u00a0\u00bbfold\u00a0\u00bb animation_duration=\u00a0\u00bb200ms\u00a0\u00bb border_radii=\u00a0\u00bboff||40px||\u00a0\u00bb box_shadow_style=\u00a0\u00bbpreset3&Prime; global_colors_info=\u00a0\u00bb{}\u00a0\u00bb theme_builder_area=\u00a0\u00bbpost_content\u00a0\u00bb][\/et_pb_image][et_pb_text _builder_version=\u00a0\u00bb4.19.4&Prime; _module_preset=\u00a0\u00bbdefault\u00a0\u00bb text_font=\u00a0\u00bb|700|||||||\u00a0\u00bb text_text_color=\u00a0\u00bb#9E9E9E\u00a0\u00bb text_font_size=\u00a0\u00bb19px\u00a0\u00bb link_option_url=\u00a0\u00bbhttps:\/\/www.ccmenuiserie.fr\/2023\/category\/ral-7001\/\u00a0\u00bb global_colors_info=\u00a0\u00bb{}\u00a0\u00bb theme_builder_area=\u00a0\u00bbpost_content\u00a0\u00bb]<\/p>\n<p>RAL 7001<\/p>\n<p>[\/et_pb_text][et_pb_post_nav in_same_term=\u00a0\u00bbon\u00a0\u00bb taxonomy_name=\u00a0\u00bbpergola, porte, pvc\u00a0\u00bb show_prev=\u00a0\u00bboff\u00a0\u00bb show_next=\u00a0\u00bboff\u00a0\u00bb _builder_version=\u00a0\u00bb4.19.4&Prime; _module_preset=\u00a0\u00bbdefault\u00a0\u00bb global_colors_info=\u00a0\u00bb{}\u00a0\u00bb theme_builder_area=\u00a0\u00bbpost_content\u00a0\u00bb][\/et_pb_post_nav][\/et_pb_column][et_pb_column type=\u00a0\u00bb1_6&Prime; _builder_version=\u00a0\u00bb4.19.4&Prime; _module_preset=\u00a0\u00bbdefault\u00a0\u00bb global_colors_info=\u00a0\u00bb{}\u00a0\u00bb theme_builder_area=\u00a0\u00bbpost_content\u00a0\u00bb][et_pb_image src=\u00a0\u00bbhttps:\/\/www.ccmenuiserie.fr\/2023\/wp-content\/uploads\/2023\/02\/CCM-ART-ET-FENETRES-RAL-7006.jpg\u00a0\u00bb title_text=\u00a0\u00bbCCM-ART-ET-FENETRES-RAL-7006&Prime; url=\u00a0\u00bbhttps:\/\/www.ccmenuiserie.fr\/2023\/category\/ral-7006\/\u00a0\u00bb _builder_version=\u00a0\u00bb4.19.4&Prime; _module_preset=\u00a0\u00bbdefault\u00a0\u00bb background_color=\u00a0\u00bbRGBA(255,255,255,0)\u00a0\u00bb width=\u00a0\u00bb75%\u00a0\u00bb max_width=\u00a0\u00bb75%\u00a0\u00bb animation_style=\u00a0\u00bbfold\u00a0\u00bb animation_duration=\u00a0\u00bb300ms\u00a0\u00bb border_radii=\u00a0\u00bboff||40px||\u00a0\u00bb box_shadow_style=\u00a0\u00bbpreset3&Prime; global_colors_info=\u00a0\u00bb{}\u00a0\u00bb theme_builder_area=\u00a0\u00bbpost_content\u00a0\u00bb][\/et_pb_image][et_pb_text _builder_version=\u00a0\u00bb4.19.4&Prime; _module_preset=\u00a0\u00bbdefault\u00a0\u00bb text_font=\u00a0\u00bb|700|||||||\u00a0\u00bb text_text_color=\u00a0\u00bb#9E9E9E\u00a0\u00bb text_font_size=\u00a0\u00bb19px\u00a0\u00bb link_option_url=\u00a0\u00bbhttps:\/\/www.ccmenuiserie.fr\/2023\/category\/ral-7006\/\u00a0\u00bb global_colors_info=\u00a0\u00bb{}\u00a0\u00bb theme_builder_area=\u00a0\u00bbpost_content\u00a0\u00bb]<\/p>\n<p>RAL 7006<\/p>\n<p>[\/et_pb_text][\/et_pb_column][et_pb_column type=\u00a0\u00bb1_6&Prime; _builder_version=\u00a0\u00bb4.19.4&Prime; _module_preset=\u00a0\u00bbdefault\u00a0\u00bb global_colors_info=\u00a0\u00bb{}\u00a0\u00bb theme_builder_area=\u00a0\u00bbpost_content\u00a0\u00bb][et_pb_image src=\u00a0\u00bbhttps:\/\/www.ccmenuiserie.fr\/2023\/wp-content\/uploads\/2023\/02\/CCM-ART-ET-FENETRES-RAL-7012.jpg\u00a0\u00bb title_text=\u00a0\u00bbCCM-ART-ET-FENETRES-RAL-7012&Prime; url=\u00a0\u00bbhttps:\/\/www.ccmenuiserie.fr\/2023\/category\/ral-7012\/\u00a0\u00bb _builder_version=\u00a0\u00bb4.19.4&Prime; _module_preset=\u00a0\u00bbdefault\u00a0\u00bb background_color=\u00a0\u00bbRGBA(255,255,255,0)\u00a0\u00bb width=\u00a0\u00bb75%\u00a0\u00bb max_width=\u00a0\u00bb75%\u00a0\u00bb animation_style=\u00a0\u00bbfold\u00a0\u00bb animation_duration=\u00a0\u00bb500ms\u00a0\u00bb border_radii=\u00a0\u00bboff||40px||\u00a0\u00bb box_shadow_style=\u00a0\u00bbpreset3&Prime; global_colors_info=\u00a0\u00bb{}\u00a0\u00bb theme_builder_area=\u00a0\u00bbpost_content\u00a0\u00bb][\/et_pb_image][et_pb_text _builder_version=\u00a0\u00bb4.19.4&Prime; _module_preset=\u00a0\u00bbdefault\u00a0\u00bb text_font=\u00a0\u00bb|700|||||||\u00a0\u00bb text_text_color=\u00a0\u00bb#9E9E9E\u00a0\u00bb text_font_size=\u00a0\u00bb19px\u00a0\u00bb link_option_url=\u00a0\u00bbhttps:\/\/www.ccmenuiserie.fr\/2023\/category\/ral-7012\/\u00a0\u00bb global_colors_info=\u00a0\u00bb{}\u00a0\u00bb theme_builder_area=\u00a0\u00bbpost_content\u00a0\u00bb]<\/p>\n<p>RAL 7012<\/p>\n<p>[\/et_pb_text][\/et_pb_column][et_pb_column type=\u00a0\u00bb1_6&Prime; _builder_version=\u00a0\u00bb4.19.4&Prime; _module_preset=\u00a0\u00bbdefault\u00a0\u00bb global_colors_info=\u00a0\u00bb{}\u00a0\u00bb theme_builder_area=\u00a0\u00bbpost_content\u00a0\u00bb][et_pb_image src=\u00a0\u00bbhttps:\/\/www.ccmenuiserie.fr\/2023\/wp-content\/uploads\/2023\/01\/ral-7016-ccmenuiserie-art-et-fenetres.jpg\u00a0\u00bb title_text=\u00a0\u00bbral-7016-ccmenuiserie-art-et-fenetres\u00a0\u00bb url=\u00a0\u00bbhttps:\/\/www.ccmenuiserie.fr\/2023\/category\/ral-7016\/\u00a0\u00bb src_tablet=\u00a0\u00bbhttps:\/\/www.ccmenuiserie.fr\/2023\/wp-content\/uploads\/2023\/01\/ral-7016-ccmenuiserie-art-et-fenetres.jpg\u00a0\u00bb src_phone=\u00a0\u00bbhttps:\/\/www.ccmenuiserie.fr\/2023\/wp-content\/uploads\/2023\/01\/ral-7016-ccmenuiserie-art-et-fenetres.jpg\u00a0\u00bb src_last_edited=\u00a0\u00bbon|desktop\u00a0\u00bb _builder_version=\u00a0\u00bb4.19.4&Prime; _module_preset=\u00a0\u00bbdefault\u00a0\u00bb background_color=\u00a0\u00bbRGBA(255,255,255,0)\u00a0\u00bb width=\u00a0\u00bb75%\u00a0\u00bb max_width=\u00a0\u00bb75%\u00a0\u00bb animation_style=\u00a0\u00bbfold\u00a0\u00bb animation_duration=\u00a0\u00bb500ms\u00a0\u00bb border_radii=\u00a0\u00bboff||40px||\u00a0\u00bb box_shadow_style=\u00a0\u00bbpreset3&Prime; global_colors_info=\u00a0\u00bb{}\u00a0\u00bb theme_builder_area=\u00a0\u00bbpost_content\u00a0\u00bb][\/et_pb_image][et_pb_text _builder_version=\u00a0\u00bb4.19.4&Prime; _module_preset=\u00a0\u00bbdefault\u00a0\u00bb text_font=\u00a0\u00bb|700|||||||\u00a0\u00bb text_text_color=\u00a0\u00bb#9E9E9E\u00a0\u00bb text_font_size=\u00a0\u00bb19px\u00a0\u00bb link_option_url=\u00a0\u00bbhttps:\/\/www.ccmenuiserie.fr\/2023\/category\/ral-7016\/\u00a0\u00bb global_colors_info=\u00a0\u00bb{}\u00a0\u00bb theme_builder_area=\u00a0\u00bbpost_content\u00a0\u00bb]<\/p>\n<p>RAL 7016<\/p>\n<p>[\/et_pb_text][\/et_pb_column][et_pb_column type=\u00a0\u00bb1_6&Prime; _builder_version=\u00a0\u00bb4.19.4&Prime; _module_preset=\u00a0\u00bbdefault\u00a0\u00bb global_colors_info=\u00a0\u00bb{}\u00a0\u00bb theme_builder_area=\u00a0\u00bbpost_content\u00a0\u00bb][et_pb_image src=\u00a0\u00bbhttps:\/\/www.ccmenuiserie.fr\/2023\/wp-content\/uploads\/2023\/01\/ral-7035-ccmenuiserie-art-et-fenetres.jpg\u00a0\u00bb title_text=\u00a0\u00bbral-7035-ccmenuiserie-art-et-fenetres\u00a0\u00bb url=\u00a0\u00bbhttps:\/\/www.ccmenuiserie.fr\/2023\/category\/ral-7035\/\u00a0\u00bb _builder_version=\u00a0\u00bb4.19.4&Prime; _module_preset=\u00a0\u00bbdefault\u00a0\u00bb background_color=\u00a0\u00bbRGBA(255,255,255,0)\u00a0\u00bb width=\u00a0\u00bb75%\u00a0\u00bb max_width=\u00a0\u00bb75%\u00a0\u00bb animation_style=\u00a0\u00bbfold\u00a0\u00bb animation_duration=\u00a0\u00bb600ms\u00a0\u00bb border_radii=\u00a0\u00bboff||40px||\u00a0\u00bb box_shadow_style=\u00a0\u00bbpreset3&Prime; global_colors_info=\u00a0\u00bb{}\u00a0\u00bb theme_builder_area=\u00a0\u00bbpost_content\u00a0\u00bb][\/et_pb_image][et_pb_text _builder_version=\u00a0\u00bb4.19.4&Prime; _module_preset=\u00a0\u00bbdefault\u00a0\u00bb text_font=\u00a0\u00bb|700|||||||\u00a0\u00bb text_text_color=\u00a0\u00bb#9E9E9E\u00a0\u00bb text_font_size=\u00a0\u00bb19px\u00a0\u00bb link_option_url=\u00a0\u00bbhttps:\/\/www.ccmenuiserie.fr\/2023\/category\/ral-7035&Prime; global_colors_info=\u00a0\u00bb{}\u00a0\u00bb theme_builder_area=\u00a0\u00bbpost_content\u00a0\u00bb]<\/p>\n<p>RAL 7035<\/p>\n<p>[\/et_pb_text][\/et_pb_column][et_pb_column type=\u00a0\u00bb1_6&Prime; _builder_version=\u00a0\u00bb4.19.4&Prime; _module_preset=\u00a0\u00bbdefault\u00a0\u00bb global_colors_info=\u00a0\u00bb{}\u00a0\u00bb theme_builder_area=\u00a0\u00bbpost_content\u00a0\u00bb][et_pb_image src=\u00a0\u00bbhttps:\/\/www.ccmenuiserie.fr\/2023\/wp-content\/uploads\/2023\/04\/CCM-ART-ET-FENETRES-RAL-7039.jpg\u00a0\u00bb title_text=\u00a0\u00bbCCM-ART-ET-FENETRES-RAL-7039&Prime; url=\u00a0\u00bbhttps:\/\/www.ccmenuiserie.fr\/2023\/category\/ral-7039\/\u00a0\u00bb _builder_version=\u00a0\u00bb4.21.0&Prime; _module_preset=\u00a0\u00bbdefault\u00a0\u00bb background_color=\u00a0\u00bbRGBA(255,255,255,0)\u00a0\u00bb width=\u00a0\u00bb75%\u00a0\u00bb max_width=\u00a0\u00bb75%\u00a0\u00bb animation_style=\u00a0\u00bbfold\u00a0\u00bb animation_duration=\u00a0\u00bb600ms\u00a0\u00bb border_radii=\u00a0\u00bboff||40px||\u00a0\u00bb box_shadow_style=\u00a0\u00bbpreset3&Prime; global_colors_info=\u00a0\u00bb{}\u00a0\u00bb theme_builder_area=\u00a0\u00bbpost_content\u00a0\u00bb][\/et_pb_image][et_pb_text _builder_version=\u00a0\u00bb4.21.0&Prime; _module_preset=\u00a0\u00bbdefault\u00a0\u00bb text_font=\u00a0\u00bb|700|||||||\u00a0\u00bb text_text_color=\u00a0\u00bb#9E9E9E\u00a0\u00bb text_font_size=\u00a0\u00bb19px\u00a0\u00bb link_option_url=\u00a0\u00bbhttps:\/\/www.ccmenuiserie.fr\/2023\/category\/ral-7039&Prime; global_colors_info=\u00a0\u00bb{}\u00a0\u00bb theme_builder_area=\u00a0\u00bbpost_content\u00a0\u00bb]<\/p>\n<p>RAL 7039<\/p>\n<p>[\/et_pb_text][\/et_pb_column][\/et_pb_row][et_pb_row column_structure=\u00a0\u00bb1_6,1_6,1_6,1_6,1_6,1_6&Prime; _builder_version=\u00a0\u00bb4.19.4&Prime; _module_preset=\u00a0\u00bbdefault\u00a0\u00bb global_colors_info=\u00a0\u00bb{}\u00a0\u00bb theme_builder_area=\u00a0\u00bbpost_content\u00a0\u00bb][et_pb_column type=\u00a0\u00bb1_6&Prime; _builder_version=\u00a0\u00bb4.19.4&Prime; _module_preset=\u00a0\u00bbdefault\u00a0\u00bb global_colors_info=\u00a0\u00bb{}\u00a0\u00bb theme_builder_area=\u00a0\u00bbpost_content\u00a0\u00bb][et_pb_image src=\u00a0\u00bbhttps:\/\/www.ccmenuiserie.fr\/2023\/wp-content\/uploads\/2023\/01\/ral-7044-ccmenuiserie-art-et-fenetres.jpg\u00a0\u00bb title_text=\u00a0\u00bbral-7044-ccmenuiserie-art-et-fenetres\u00a0\u00bb url=\u00a0\u00bbhttps:\/\/www.ccmenuiserie.fr\/2023\/category\/ral-7044\/\u00a0\u00bb _builder_version=\u00a0\u00bb4.19.4&Prime; _module_preset=\u00a0\u00bbdefault\u00a0\u00bb background_color=\u00a0\u00bbRGBA(255,255,255,0)\u00a0\u00bb width=\u00a0\u00bb75%\u00a0\u00bb max_width=\u00a0\u00bb75%\u00a0\u00bb animation_style=\u00a0\u00bbfold\u00a0\u00bb animation_duration=\u00a0\u00bb700ms\u00a0\u00bb border_radii=\u00a0\u00bboff||40px||\u00a0\u00bb box_shadow_style=\u00a0\u00bbpreset3&Prime; global_colors_info=\u00a0\u00bb{}\u00a0\u00bb theme_builder_area=\u00a0\u00bbpost_content\u00a0\u00bb][\/et_pb_image][et_pb_text _builder_version=\u00a0\u00bb4.19.4&Prime; _module_preset=\u00a0\u00bbdefault\u00a0\u00bb text_font=\u00a0\u00bb|700|||||||\u00a0\u00bb text_text_color=\u00a0\u00bb#9E9E9E\u00a0\u00bb text_font_size=\u00a0\u00bb19px\u00a0\u00bb link_option_url=\u00a0\u00bbhttps:\/\/www.ccmenuiserie.fr\/2023\/category\/ral-7044\/\u00a0\u00bb global_colors_info=\u00a0\u00bb{}\u00a0\u00bb theme_builder_area=\u00a0\u00bbpost_content\u00a0\u00bb]<\/p>\n<p>RAL 7044<\/p>\n<p>[\/et_pb_text][et_pb_post_nav in_same_term=\u00a0\u00bbon\u00a0\u00bb taxonomy_name=\u00a0\u00bbpergola, porte, pvc\u00a0\u00bb show_prev=\u00a0\u00bboff\u00a0\u00bb show_next=\u00a0\u00bboff\u00a0\u00bb _builder_version=\u00a0\u00bb4.19.4&Prime; _module_preset=\u00a0\u00bbdefault\u00a0\u00bb global_colors_info=\u00a0\u00bb{}\u00a0\u00bb theme_builder_area=\u00a0\u00bbpost_content\u00a0\u00bb][\/et_pb_post_nav][\/et_pb_column][et_pb_column type=\u00a0\u00bb1_6&Prime; _builder_version=\u00a0\u00bb4.19.4&Prime; _module_preset=\u00a0\u00bbdefault\u00a0\u00bb global_colors_info=\u00a0\u00bb{}\u00a0\u00bb theme_builder_area=\u00a0\u00bbpost_content\u00a0\u00bb][et_pb_image src=\u00a0\u00bbhttps:\/\/www.ccmenuiserie.fr\/2023\/wp-content\/uploads\/2024\/07\/ccmenuiserie-art-et-fenetre-180424-RAL-7047.jpg\u00a0\u00bb title_text=\u00a0\u00bbccmenuiserie-art-et-fenetre-180424-RAL-7047&Prime; url=\u00a0\u00bbhttps:\/\/www.ccmenuiserie.fr\/2023\/category\/ral-7047&Prime; disabled_on=\u00a0\u00bboff|off|off\u00a0\u00bb _builder_version=\u00a0\u00bb4.27.0&Prime; _module_preset=\u00a0\u00bbdefault\u00a0\u00bb background_color=\u00a0\u00bbRGBA(255,255,255,0)\u00a0\u00bb width=\u00a0\u00bb75%\u00a0\u00bb max_width=\u00a0\u00bb75%\u00a0\u00bb animation_style=\u00a0\u00bbfold\u00a0\u00bb animation_duration=\u00a0\u00bb700ms\u00a0\u00bb border_radii=\u00a0\u00bboff||40px||\u00a0\u00bb box_shadow_style=\u00a0\u00bbpreset3&Prime; global_colors_info=\u00a0\u00bb{}\u00a0\u00bb theme_builder_area=\u00a0\u00bbpost_content\u00a0\u00bb][\/et_pb_image][et_pb_text disabled_on=\u00a0\u00bboff|off|off\u00a0\u00bb _builder_version=\u00a0\u00bb4.27.0&Prime; _module_preset=\u00a0\u00bbdefault\u00a0\u00bb text_font=\u00a0\u00bb|700|||||||\u00a0\u00bb text_text_color=\u00a0\u00bb#9E9E9E\u00a0\u00bb text_font_size=\u00a0\u00bb19px\u00a0\u00bb link_option_url=\u00a0\u00bbhttps:\/\/www.ccmenuiserie.fr\/2023\/category\/ral-7047&Prime; global_colors_info=\u00a0\u00bb{}\u00a0\u00bb theme_builder_area=\u00a0\u00bbpost_content\u00a0\u00bb]<\/p>\n<p>RAL 7047<\/p>\n<p>[\/et_pb_text][\/et_pb_column][et_pb_column type=\u00a0\u00bb1_6&Prime; _builder_version=\u00a0\u00bb4.19.4&Prime; _module_preset=\u00a0\u00bbdefault\u00a0\u00bb global_colors_info=\u00a0\u00bb{}\u00a0\u00bb theme_builder_area=\u00a0\u00bbpost_content\u00a0\u00bb][\/et_pb_column][et_pb_column type=\u00a0\u00bb1_6&Prime; _builder_version=\u00a0\u00bb4.19.4&Prime; _module_preset=\u00a0\u00bbdefault\u00a0\u00bb global_colors_info=\u00a0\u00bb{}\u00a0\u00bb theme_builder_area=\u00a0\u00bbpost_content\u00a0\u00bb][\/et_pb_column][et_pb_column type=\u00a0\u00bb1_6&Prime; _builder_version=\u00a0\u00bb4.19.4&Prime; _module_preset=\u00a0\u00bbdefault\u00a0\u00bb global_colors_info=\u00a0\u00bb{}\u00a0\u00bb theme_builder_area=\u00a0\u00bbpost_content\u00a0\u00bb][\/et_pb_column][et_pb_column type=\u00a0\u00bb1_6&Prime; _builder_version=\u00a0\u00bb4.19.4&Prime; _module_preset=\u00a0\u00bbdefault\u00a0\u00bb global_colors_info=\u00a0\u00bb{}\u00a0\u00bb theme_builder_area=\u00a0\u00bbpost_content\u00a0\u00bb][\/et_pb_column][\/et_pb_row][et_pb_row column_structure=\u00a0\u00bb1_6,1_6,1_6,1_6,1_6,1_6&Prime; _builder_version=\u00a0\u00bb4.19.4&Prime; _module_preset=\u00a0\u00bbdefault\u00a0\u00bb global_colors_info=\u00a0\u00bb{}\u00a0\u00bb theme_builder_area=\u00a0\u00bbpost_content\u00a0\u00bb][et_pb_column type=\u00a0\u00bb1_6&Prime; _builder_version=\u00a0\u00bb4.19.4&Prime; _module_preset=\u00a0\u00bbdefault\u00a0\u00bb global_colors_info=\u00a0\u00bb{}\u00a0\u00bb theme_builder_area=\u00a0\u00bbpost_content\u00a0\u00bb][et_pb_image src=\u00a0\u00bbhttps:\/\/www.ccmenuiserie.fr\/2023\/wp-content\/uploads\/2023\/01\/ral-8003-ccmenuiserie-art-et-fenetres.jpg\u00a0\u00bb title_text=\u00a0\u00bbral-8003-ccmenuiserie-art-et-fenetres\u00a0\u00bb url=\u00a0\u00bbhttps:\/\/www.ccmenuiserie.fr\/2023\/category\/ral-8003\/\u00a0\u00bb _builder_version=\u00a0\u00bb4.19.4&Prime; _module_preset=\u00a0\u00bbdefault\u00a0\u00bb background_color=\u00a0\u00bbRGBA(255,255,255,0)\u00a0\u00bb width=\u00a0\u00bb75%\u00a0\u00bb max_width=\u00a0\u00bb75%\u00a0\u00bb animation_style=\u00a0\u00bbfold\u00a0\u00bb animation_duration=\u00a0\u00bb1300ms\u00a0\u00bb border_radii=\u00a0\u00bboff||40px||\u00a0\u00bb box_shadow_style=\u00a0\u00bbpreset3&Prime; global_colors_info=\u00a0\u00bb{}\u00a0\u00bb theme_builder_area=\u00a0\u00bbpost_content\u00a0\u00bb][\/et_pb_image][et_pb_text _builder_version=\u00a0\u00bb4.19.4&Prime; _module_preset=\u00a0\u00bbdefault\u00a0\u00bb text_font=\u00a0\u00bb|700|||||||\u00a0\u00bb text_text_color=\u00a0\u00bb#9E9E9E\u00a0\u00bb text_font_size=\u00a0\u00bb19px\u00a0\u00bb link_option_url=\u00a0\u00bbhttps:\/\/www.ccmenuiserie.fr\/2023\/category\/ral-8003\/\u00a0\u00bb global_colors_info=\u00a0\u00bb{}\u00a0\u00bb theme_builder_area=\u00a0\u00bbpost_content\u00a0\u00bb]<\/p>\n<p>RAL 8003<\/p>\n<p>[\/et_pb_text][et_pb_post_nav in_same_term=\u00a0\u00bbon\u00a0\u00bb taxonomy_name=\u00a0\u00bbpergola, porte, pvc\u00a0\u00bb show_prev=\u00a0\u00bboff\u00a0\u00bb show_next=\u00a0\u00bboff\u00a0\u00bb _builder_version=\u00a0\u00bb4.19.4&Prime; _module_preset=\u00a0\u00bbdefault\u00a0\u00bb global_colors_info=\u00a0\u00bb{}\u00a0\u00bb theme_builder_area=\u00a0\u00bbpost_content\u00a0\u00bb][\/et_pb_post_nav][\/et_pb_column][et_pb_column type=\u00a0\u00bb1_6&Prime; _builder_version=\u00a0\u00bb4.19.4&Prime; _module_preset=\u00a0\u00bbdefault\u00a0\u00bb global_colors_info=\u00a0\u00bb{}\u00a0\u00bb theme_builder_area=\u00a0\u00bbpost_content\u00a0\u00bb][et_pb_image src=\u00a0\u00bbhttps:\/\/www.ccmenuiserie.fr\/2023\/wp-content\/uploads\/2023\/01\/ral-8014-ccmenuiserie-art-et-fenetres.jpg\u00a0\u00bb title_text=\u00a0\u00bbral-8014-ccmenuiserie-art-et-fenetres\u00a0\u00bb url=\u00a0\u00bbhttps:\/\/www.ccmenuiserie.fr\/2023\/category\/ral-8014\/\u00a0\u00bb _builder_version=\u00a0\u00bb4.19.4&Prime; _module_preset=\u00a0\u00bbdefault\u00a0\u00bb background_color=\u00a0\u00bbRGBA(255,255,255,0)\u00a0\u00bb width=\u00a0\u00bb75%\u00a0\u00bb max_width=\u00a0\u00bb75%\u00a0\u00bb animation_style=\u00a0\u00bbfold\u00a0\u00bb animation_duration=\u00a0\u00bb1200ms\u00a0\u00bb border_radii=\u00a0\u00bboff||40px||\u00a0\u00bb box_shadow_style=\u00a0\u00bbpreset3&Prime; global_colors_info=\u00a0\u00bb{}\u00a0\u00bb theme_builder_area=\u00a0\u00bbpost_content\u00a0\u00bb][\/et_pb_image][et_pb_text _builder_version=\u00a0\u00bb4.19.4&Prime; _module_preset=\u00a0\u00bbdefault\u00a0\u00bb text_font=\u00a0\u00bb|700|||||||\u00a0\u00bb text_text_color=\u00a0\u00bb#9E9E9E\u00a0\u00bb text_font_size=\u00a0\u00bb19px\u00a0\u00bb link_option_url=\u00a0\u00bbhttps:\/\/www.ccmenuiserie.fr\/2023\/category\/ral-8014&Prime; global_colors_info=\u00a0\u00bb{}\u00a0\u00bb theme_builder_area=\u00a0\u00bbpost_content\u00a0\u00bb]<\/p>\n<p>RAL 8014<\/p>\n<p>[\/et_pb_text][\/et_pb_column][et_pb_column type=\u00a0\u00bb1_6&Prime; _builder_version=\u00a0\u00bb4.19.4&Prime; _module_preset=\u00a0\u00bbdefault\u00a0\u00bb global_colors_info=\u00a0\u00bb{}\u00a0\u00bb theme_builder_area=\u00a0\u00bbpost_content\u00a0\u00bb][et_pb_image src=\u00a0\u00bbhttps:\/\/www.ccmenuiserie.fr\/2023\/wp-content\/uploads\/2023\/03\/ral-marron-8015.jpg\u00a0\u00bb title_text=\u00a0\u00bbral-marron-8015&Prime; url=\u00a0\u00bbhttps:\/\/www.ccmenuiserie.fr\/2023\/category\/ral-8015\/\u00a0\u00bb _builder_version=\u00a0\u00bb4.19.4&Prime; _module_preset=\u00a0\u00bbdefault\u00a0\u00bb background_color=\u00a0\u00bbRGBA(255,255,255,0)\u00a0\u00bb width=\u00a0\u00bb75%\u00a0\u00bb max_width=\u00a0\u00bb75%\u00a0\u00bb animation_style=\u00a0\u00bbfold\u00a0\u00bb animation_duration=\u00a0\u00bb400ms\u00a0\u00bb border_radii=\u00a0\u00bboff||40px||\u00a0\u00bb box_shadow_style=\u00a0\u00bbpreset3&Prime; global_colors_info=\u00a0\u00bb{}\u00a0\u00bb theme_builder_area=\u00a0\u00bbpost_content\u00a0\u00bb][\/et_pb_image][et_pb_text _builder_version=\u00a0\u00bb4.19.4&Prime; _module_preset=\u00a0\u00bbdefault\u00a0\u00bb text_font=\u00a0\u00bb|700|||||||\u00a0\u00bb text_text_color=\u00a0\u00bb#9E9E9E\u00a0\u00bb text_font_size=\u00a0\u00bb19px\u00a0\u00bb link_option_url=\u00a0\u00bbhttps:\/\/www.ccmenuiserie.fr\/2023\/category\/ral-8015\/\u00a0\u00bb global_colors_info=\u00a0\u00bb{}\u00a0\u00bb theme_builder_area=\u00a0\u00bbpost_content\u00a0\u00bb]<\/p>\n<p>RAL 8015<\/p>\n<p>[\/et_pb_text][\/et_pb_column][et_pb_column type=\u00a0\u00bb1_6&Prime; _builder_version=\u00a0\u00bb4.19.4&Prime; _module_preset=\u00a0\u00bbdefault\u00a0\u00bb global_colors_info=\u00a0\u00bb{}\u00a0\u00bb theme_builder_area=\u00a0\u00bbpost_content\u00a0\u00bb][et_pb_image src=\u00a0\u00bbhttps:\/\/www.ccmenuiserie.fr\/2023\/wp-content\/uploads\/2023\/01\/ral-8019-ccmenuiserie-art-et-fenetres.jpg\u00a0\u00bb title_text=\u00a0\u00bbral-8019-ccmenuiserie-art-et-fenetres\u00a0\u00bb url=\u00a0\u00bbhttps:\/\/www.ccmenuiserie.fr\/2023\/category\/ral-8019&Prime; _builder_version=\u00a0\u00bb4.19.4&Prime; _module_preset=\u00a0\u00bbdefault\u00a0\u00bb background_color=\u00a0\u00bbRGBA(255,255,255,0)\u00a0\u00bb width=\u00a0\u00bb75%\u00a0\u00bb max_width=\u00a0\u00bb75%\u00a0\u00bb animation_style=\u00a0\u00bbfold\u00a0\u00bb animation_duration=\u00a0\u00bb1100ms\u00a0\u00bb border_radii=\u00a0\u00bboff||40px||\u00a0\u00bb box_shadow_style=\u00a0\u00bbpreset3&Prime; global_colors_info=\u00a0\u00bb{}\u00a0\u00bb theme_builder_area=\u00a0\u00bbpost_content\u00a0\u00bb][\/et_pb_image][et_pb_text _builder_version=\u00a0\u00bb4.19.4&Prime; _module_preset=\u00a0\u00bbdefault\u00a0\u00bb text_font=\u00a0\u00bb|700|||||||\u00a0\u00bb text_text_color=\u00a0\u00bb#9E9E9E\u00a0\u00bb text_font_size=\u00a0\u00bb19px\u00a0\u00bb link_option_url=\u00a0\u00bbhttps:\/\/www.ccmenuiserie.fr\/2023\/category\/ral-8019&Prime; global_colors_info=\u00a0\u00bb{}\u00a0\u00bb theme_builder_area=\u00a0\u00bbpost_content\u00a0\u00bb]<\/p>\n<p>RAL 8019<\/p>\n<p>[\/et_pb_text][\/et_pb_column][et_pb_column type=\u00a0\u00bb1_6&Prime; _builder_version=\u00a0\u00bb4.19.4&Prime; _module_preset=\u00a0\u00bbdefault\u00a0\u00bb global_colors_info=\u00a0\u00bb{}\u00a0\u00bb theme_builder_area=\u00a0\u00bbpost_content\u00a0\u00bb][\/et_pb_column][et_pb_column type=\u00a0\u00bb1_6&Prime; _builder_version=\u00a0\u00bb4.19.4&Prime; _module_preset=\u00a0\u00bbdefault\u00a0\u00bb global_colors_info=\u00a0\u00bb{}\u00a0\u00bb theme_builder_area=\u00a0\u00bbpost_content\u00a0\u00bb][\/et_pb_column][\/et_pb_row][et_pb_row column_structure=\u00a0\u00bb1_6,1_6,1_6,1_6,1_6,1_6&Prime; _builder_version=\u00a0\u00bb4.19.4&Prime; _module_preset=\u00a0\u00bbdefault\u00a0\u00bb global_colors_info=\u00a0\u00bb{}\u00a0\u00bb theme_builder_area=\u00a0\u00bbpost_content\u00a0\u00bb][et_pb_column type=\u00a0\u00bb1_6&Prime; _builder_version=\u00a0\u00bb4.19.4&Prime; _module_preset=\u00a0\u00bbdefault\u00a0\u00bb global_colors_info=\u00a0\u00bb{}\u00a0\u00bb theme_builder_area=\u00a0\u00bbpost_content\u00a0\u00bb][et_pb_image src=\u00a0\u00bbhttps:\/\/www.ccmenuiserie.fr\/2023\/wp-content\/uploads\/2023\/02\/CCM-ART-ET-FENETRES-RAL-9005.jpg\u00a0\u00bb title_text=\u00a0\u00bbCCM-ART-ET-FENETRES-RAL-9005&Prime; url=\u00a0\u00bbhttps:\/\/www.ccmenuiserie.fr\/2023\/category\/ral-noir-9005\/\u00a0\u00bb _builder_version=\u00a0\u00bb4.27.2&Prime; _module_preset=\u00a0\u00bbdefault\u00a0\u00bb background_color=\u00a0\u00bbRGBA(255,255,255,0)\u00a0\u00bb width=\u00a0\u00bb75%\u00a0\u00bb max_width=\u00a0\u00bb75%\u00a0\u00bb animation_style=\u00a0\u00bbfold\u00a0\u00bb animation_duration=\u00a0\u00bb400ms\u00a0\u00bb border_radii=\u00a0\u00bboff||40px||\u00a0\u00bb box_shadow_style=\u00a0\u00bbpreset3&Prime; global_colors_info=\u00a0\u00bb{}\u00a0\u00bb theme_builder_area=\u00a0\u00bbpost_content\u00a0\u00bb][\/et_pb_image][et_pb_text _builder_version=\u00a0\u00bb4.27.2&Prime; _module_preset=\u00a0\u00bbdefault\u00a0\u00bb text_font=\u00a0\u00bb|700|||||||\u00a0\u00bb text_text_color=\u00a0\u00bb#9E9E9E\u00a0\u00bb text_font_size=\u00a0\u00bb19px\u00a0\u00bb link_option_url=\u00a0\u00bbhttps:\/\/www.ccmenuiserie.fr\/2023\/category\/ral-noir-9005\/\u00a0\u00bb global_colors_info=\u00a0\u00bb{}\u00a0\u00bb theme_builder_area=\u00a0\u00bbpost_content\u00a0\u00bb]<\/p>\n<p>RAL 9005<\/p>\n<p>[\/et_pb_text][et_pb_post_nav in_same_term=\u00a0\u00bbon\u00a0\u00bb taxonomy_name=\u00a0\u00bbpergola, porte, pvc\u00a0\u00bb show_prev=\u00a0\u00bboff\u00a0\u00bb show_next=\u00a0\u00bboff\u00a0\u00bb _builder_version=\u00a0\u00bb4.19.4&Prime; _module_preset=\u00a0\u00bbdefault\u00a0\u00bb global_colors_info=\u00a0\u00bb{}\u00a0\u00bb theme_builder_area=\u00a0\u00bbpost_content\u00a0\u00bb][\/et_pb_post_nav][\/et_pb_column][et_pb_column type=\u00a0\u00bb1_6&Prime; _builder_version=\u00a0\u00bb4.19.4&Prime; _module_preset=\u00a0\u00bbdefault\u00a0\u00bb global_colors_info=\u00a0\u00bb{}\u00a0\u00bb theme_builder_area=\u00a0\u00bbpost_content\u00a0\u00bb][et_pb_image src=\u00a0\u00bbhttps:\/\/www.ccmenuiserie.fr\/2023\/wp-content\/uploads\/2024\/07\/ccmenuiserie-art-et-fenetre-180424-RAL-9006.jpg\u00a0\u00bb title_text=\u00a0\u00bbccmenuiserie-art-et-fenetre-180424-RAL-9006&Prime; url=\u00a0\u00bbhttps:\/\/www.ccmenuiserie.fr\/2023\/category\/ral-9006\/\u00a0\u00bb disabled_on=\u00a0\u00bboff|off|off\u00a0\u00bb _builder_version=\u00a0\u00bb4.27.0&Prime; _module_preset=\u00a0\u00bbdefault\u00a0\u00bb background_color=\u00a0\u00bbRGBA(255,255,255,0)\u00a0\u00bb width=\u00a0\u00bb75%\u00a0\u00bb max_width=\u00a0\u00bb75%\u00a0\u00bb animation_style=\u00a0\u00bbfold\u00a0\u00bb animation_duration=\u00a0\u00bb700ms\u00a0\u00bb border_radii=\u00a0\u00bboff||40px||\u00a0\u00bb box_shadow_style=\u00a0\u00bbpreset3&Prime; global_colors_info=\u00a0\u00bb{}\u00a0\u00bb theme_builder_area=\u00a0\u00bbpost_content\u00a0\u00bb][\/et_pb_image][et_pb_text disabled_on=\u00a0\u00bboff|off|off\u00a0\u00bb _builder_version=\u00a0\u00bb4.27.0&Prime; _module_preset=\u00a0\u00bbdefault\u00a0\u00bb text_font=\u00a0\u00bb|700|||||||\u00a0\u00bb text_text_color=\u00a0\u00bb#9E9E9E\u00a0\u00bb text_font_size=\u00a0\u00bb19px\u00a0\u00bb link_option_url=\u00a0\u00bbhttps:\/\/www.ccmenuiserie.fr\/2023\/category\/ral-9006\/\u00a0\u00bb global_colors_info=\u00a0\u00bb{}\u00a0\u00bb theme_builder_area=\u00a0\u00bbpost_content\u00a0\u00bb]<\/p>\n<p>RAL GRIS 9006<\/p>\n<p>[\/et_pb_text][\/et_pb_column][et_pb_column type=\u00a0\u00bb1_6&Prime; _builder_version=\u00a0\u00bb4.19.4&Prime; _module_preset=\u00a0\u00bbdefault\u00a0\u00bb global_colors_info=\u00a0\u00bb{}\u00a0\u00bb theme_builder_area=\u00a0\u00bbpost_content\u00a0\u00bb][\/et_pb_column][et_pb_column type=\u00a0\u00bb1_6&Prime; _builder_version=\u00a0\u00bb4.19.4&Prime; _module_preset=\u00a0\u00bbdefault\u00a0\u00bb global_colors_info=\u00a0\u00bb{}\u00a0\u00bb theme_builder_area=\u00a0\u00bbpost_content\u00a0\u00bb][\/et_pb_column][et_pb_column type=\u00a0\u00bb1_6&Prime; _builder_version=\u00a0\u00bb4.19.4&Prime; _module_preset=\u00a0\u00bbdefault\u00a0\u00bb global_colors_info=\u00a0\u00bb{}\u00a0\u00bb theme_builder_area=\u00a0\u00bbpost_content\u00a0\u00bb][\/et_pb_column][et_pb_column type=\u00a0\u00bb1_6&Prime; _builder_version=\u00a0\u00bb4.19.4&Prime; _module_preset=\u00a0\u00bbdefault\u00a0\u00bb global_colors_info=\u00a0\u00bb{}\u00a0\u00bb theme_builder_area=\u00a0\u00bbpost_content\u00a0\u00bb][\/et_pb_column][\/et_pb_row][et_pb_row column_structure=\u00a0\u00bb1_6,1_6,1_6,1_6,1_6,1_6&Prime; _builder_version=\u00a0\u00bb4.19.4&Prime; _module_preset=\u00a0\u00bbdefault\u00a0\u00bb global_colors_info=\u00a0\u00bb{}\u00a0\u00bb theme_builder_area=\u00a0\u00bbpost_content\u00a0\u00bb][et_pb_column type=\u00a0\u00bb1_6&Prime; _builder_version=\u00a0\u00bb4.19.4&Prime; _module_preset=\u00a0\u00bbdefault\u00a0\u00bb global_colors_info=\u00a0\u00bb{}\u00a0\u00bb theme_builder_area=\u00a0\u00bbpost_content\u00a0\u00bb][et_pb_image src=\u00a0\u00bbhttps:\/\/www.ccmenuiserie.fr\/2023\/wp-content\/uploads\/2023\/05\/CCM-ART-ET-FENETRES-RAL-0100.jpg\u00a0\u00bb title_text=\u00a0\u00bbCCM-ART-ET-FENETRES-RAL-0100&Prime; url=\u00a0\u00bbhttps:\/\/www.ccmenuiserie.fr\/2023\/category\/ral-0100&Prime; _builder_version=\u00a0\u00bb4.21.0&Prime; _module_preset=\u00a0\u00bbdefault\u00a0\u00bb background_color=\u00a0\u00bbRGBA(255,255,255,0)\u00a0\u00bb width=\u00a0\u00bb75%\u00a0\u00bb max_width=\u00a0\u00bb75%\u00a0\u00bb animation_style=\u00a0\u00bbfold\u00a0\u00bb animation_duration=\u00a0\u00bb700ms\u00a0\u00bb border_radii=\u00a0\u00bboff||40px||\u00a0\u00bb box_shadow_style=\u00a0\u00bbpreset3&Prime; global_colors_info=\u00a0\u00bb{}\u00a0\u00bb theme_builder_area=\u00a0\u00bbpost_content\u00a0\u00bb][\/et_pb_image][et_pb_text _builder_version=\u00a0\u00bb4.21.0&Prime; _module_preset=\u00a0\u00bbdefault\u00a0\u00bb text_font=\u00a0\u00bb|700|||||||\u00a0\u00bb text_text_color=\u00a0\u00bb#9E9E9E\u00a0\u00bb text_font_size=\u00a0\u00bb19px\u00a0\u00bb link_option_url=\u00a0\u00bbhttps:\/\/www.ccmenuiserie.fr\/2023\/category\/ral-0100&Prime; global_colors_info=\u00a0\u00bb{}\u00a0\u00bb theme_builder_area=\u00a0\u00bbpost_content\u00a0\u00bb]<\/p>\n<p>GRIS METAL<\/p>\n<p>[\/et_pb_text][et_pb_post_nav in_same_term=\u00a0\u00bbon\u00a0\u00bb taxonomy_name=\u00a0\u00bbpergola, porte, pvc\u00a0\u00bb show_prev=\u00a0\u00bboff\u00a0\u00bb show_next=\u00a0\u00bboff\u00a0\u00bb _builder_version=\u00a0\u00bb4.19.4&Prime; _module_preset=\u00a0\u00bbdefault\u00a0\u00bb global_colors_info=\u00a0\u00bb{}\u00a0\u00bb theme_builder_area=\u00a0\u00bbpost_content\u00a0\u00bb][\/et_pb_post_nav][\/et_pb_column][et_pb_column type=\u00a0\u00bb1_6&Prime; _builder_version=\u00a0\u00bb4.19.4&Prime; _module_preset=\u00a0\u00bbdefault\u00a0\u00bb global_colors_info=\u00a0\u00bb{}\u00a0\u00bb theme_builder_area=\u00a0\u00bbpost_content\u00a0\u00bb][et_pb_image src=\u00a0\u00bbhttps:\/\/www.ccmenuiserie.fr\/2023\/wp-content\/uploads\/2023\/03\/ral-noyer.jpg\u00a0\u00bb title_text=\u00a0\u00bbral-noyer\u00a0\u00bb url=\u00a0\u00bbhttps:\/\/www.ccmenuiserie.fr\/2023\/category\/ral-noyer\/\u00a0\u00bb _builder_version=\u00a0\u00bb4.19.4&Prime; _module_preset=\u00a0\u00bbdefault\u00a0\u00bb background_color=\u00a0\u00bbRGBA(255,255,255,0)\u00a0\u00bb width=\u00a0\u00bb75%\u00a0\u00bb max_width=\u00a0\u00bb75%\u00a0\u00bb animation_style=\u00a0\u00bbfold\u00a0\u00bb animation_duration=\u00a0\u00bb400ms\u00a0\u00bb border_radii=\u00a0\u00bboff||40px||\u00a0\u00bb box_shadow_style=\u00a0\u00bbpreset3&Prime; global_colors_info=\u00a0\u00bb{}\u00a0\u00bb theme_builder_area=\u00a0\u00bbpost_content\u00a0\u00bb][\/et_pb_image][et_pb_text _builder_version=\u00a0\u00bb4.19.4&Prime; _module_preset=\u00a0\u00bbdefault\u00a0\u00bb text_font=\u00a0\u00bb|700|||||||\u00a0\u00bb text_text_color=\u00a0\u00bb#9E9E9E\u00a0\u00bb text_font_size=\u00a0\u00bb19px\u00a0\u00bb link_option_url=\u00a0\u00bbhttps:\/\/www.ccmenuiserie.fr\/2023\/category\/ral-noyer\/\u00a0\u00bb global_colors_info=\u00a0\u00bb{}\u00a0\u00bb theme_builder_area=\u00a0\u00bbpost_content\u00a0\u00bb]<\/p>\n<p>RAL NOYER<\/p>\n<p>[\/et_pb_text][\/et_pb_column][et_pb_column type=\u00a0\u00bb1_6&Prime; _builder_version=\u00a0\u00bb4.19.4&Prime; _module_preset=\u00a0\u00bbdefault\u00a0\u00bb global_colors_info=\u00a0\u00bb{}\u00a0\u00bb theme_builder_area=\u00a0\u00bbpost_content\u00a0\u00bb][et_pb_image src=\u00a0\u00bbhttps:\/\/www.ccmenuiserie.fr\/2023\/wp-content\/uploads\/2023\/03\/ral-chene-naturel.jpg\u00a0\u00bb title_text=\u00a0\u00bbral-chene-naturel\u00a0\u00bb url=\u00a0\u00bbhttps:\/\/www.ccmenuiserie.fr\/2023\/category\/ral-naturel\/\u00a0\u00bb _builder_version=\u00a0\u00bb4.19.4&Prime; _module_preset=\u00a0\u00bbdefault\u00a0\u00bb background_color=\u00a0\u00bbRGBA(255,255,255,0)\u00a0\u00bb width=\u00a0\u00bb75%\u00a0\u00bb max_width=\u00a0\u00bb75%\u00a0\u00bb animation_style=\u00a0\u00bbfold\u00a0\u00bb animation_duration=\u00a0\u00bb400ms\u00a0\u00bb border_radii=\u00a0\u00bboff||40px||\u00a0\u00bb box_shadow_style=\u00a0\u00bbpreset3&Prime; global_colors_info=\u00a0\u00bb{}\u00a0\u00bb theme_builder_area=\u00a0\u00bbpost_content\u00a0\u00bb][\/et_pb_image][et_pb_text _builder_version=\u00a0\u00bb4.19.4&Prime; _module_preset=\u00a0\u00bbdefault\u00a0\u00bb text_font=\u00a0\u00bb|700|||||||\u00a0\u00bb text_text_color=\u00a0\u00bb#9E9E9E\u00a0\u00bb text_font_size=\u00a0\u00bb19px\u00a0\u00bb link_option_url=\u00a0\u00bbhttps:\/\/www.ccmenuiserie.fr\/2023\/category\/ral-naturel\/\u00a0\u00bb global_colors_info=\u00a0\u00bb{}\u00a0\u00bb theme_builder_area=\u00a0\u00bbpost_content\u00a0\u00bb]<\/p>\n<p>RAL CH\u00caNE NATUREL<\/p>\n<p>[\/et_pb_text][\/et_pb_column][et_pb_column type=\u00a0\u00bb1_6&Prime; _builder_version=\u00a0\u00bb4.19.4&Prime; _module_preset=\u00a0\u00bbdefault\u00a0\u00bb global_colors_info=\u00a0\u00bb{}\u00a0\u00bb theme_builder_area=\u00a0\u00bbpost_content\u00a0\u00bb][et_pb_image src=\u00a0\u00bbhttps:\/\/www.ccmenuiserie.fr\/2023\/wp-content\/uploads\/2023\/03\/ral-chene-dore.jpg\u00a0\u00bb title_text=\u00a0\u00bbral-chene-dore\u00a0\u00bb url=\u00a0\u00bbhttps:\/\/www.ccmenuiserie.fr\/2023\/category\/ral-chene\/\u00a0\u00bb _builder_version=\u00a0\u00bb4.19.4&Prime; _module_preset=\u00a0\u00bbdefault\u00a0\u00bb background_color=\u00a0\u00bbRGBA(255,255,255,0)\u00a0\u00bb width=\u00a0\u00bb75%\u00a0\u00bb max_width=\u00a0\u00bb75%\u00a0\u00bb animation_style=\u00a0\u00bbfold\u00a0\u00bb animation_duration=\u00a0\u00bb400ms\u00a0\u00bb border_radii=\u00a0\u00bboff||40px||\u00a0\u00bb box_shadow_style=\u00a0\u00bbpreset3&Prime; global_colors_info=\u00a0\u00bb{}\u00a0\u00bb theme_builder_area=\u00a0\u00bbpost_content\u00a0\u00bb][\/et_pb_image][et_pb_text _builder_version=\u00a0\u00bb4.19.4&Prime; _module_preset=\u00a0\u00bbdefault\u00a0\u00bb text_font=\u00a0\u00bb|700|||||||\u00a0\u00bb text_text_color=\u00a0\u00bb#9E9E9E\u00a0\u00bb text_font_size=\u00a0\u00bb19px\u00a0\u00bb link_option_url=\u00a0\u00bbhttps:\/\/www.ccmenuiserie.fr\/2023\/category\/ral-chene\/\u00a0\u00bb global_colors_info=\u00a0\u00bb{}\u00a0\u00bb theme_builder_area=\u00a0\u00bbpost_content\u00a0\u00bb]<\/p>\n<p>RAL CH\u00caNE DOR\u00c9<\/p>\n<p>[\/et_pb_text][\/et_pb_column][et_pb_column type=\u00a0\u00bb1_6&Prime; _builder_version=\u00a0\u00bb4.19.4&Prime; _module_preset=\u00a0\u00bbdefault\u00a0\u00bb global_colors_info=\u00a0\u00bb{}\u00a0\u00bb theme_builder_area=\u00a0\u00bbpost_content\u00a0\u00bb][\/et_pb_column][et_pb_column type=\u00a0\u00bb1_6&Prime; _builder_version=\u00a0\u00bb4.19.4&Prime; _module_preset=\u00a0\u00bbdefault\u00a0\u00bb global_colors_info=\u00a0\u00bb{}\u00a0\u00bb theme_builder_area=\u00a0\u00bbpost_content\u00a0\u00bb][\/et_pb_column][\/et_pb_row][et_pb_row _builder_version=\u00a0\u00bb4.19.4&Prime; _module_preset=\u00a0\u00bbdefault\u00a0\u00bb global_colors_info=\u00a0\u00bb{}\u00a0\u00bb theme_builder_area=\u00a0\u00bbpost_content\u00a0\u00bb][et_pb_column type=\u00a0\u00bb4_4&Prime; _builder_version=\u00a0\u00bb4.19.4&Prime; _module_preset=\u00a0\u00bbdefault\u00a0\u00bb global_colors_info=\u00a0\u00bb{}\u00a0\u00bb theme_builder_area=\u00a0\u00bbpost_content\u00a0\u00bb][et_pb_divider _builder_version=\u00a0\u00bb4.19.4&Prime; _module_preset=\u00a0\u00bbdefault\u00a0\u00bb global_colors_info=\u00a0\u00bb{}\u00a0\u00bb theme_builder_area=\u00a0\u00bbpost_content\u00a0\u00bb][\/et_pb_divider][\/et_pb_column][\/et_pb_row][\/et_pb_section][et_pb_section fb_built=\u00a0\u00bb1&Prime; admin_label=\u00a0\u00bbBlog\u00a0\u00bb _builder_version=\u00a0\u00bb4.16&Prime; custom_padding=\u00a0\u00bb100px|0px|100px|0px\u00a0\u00bb global_colors_info=\u00a0\u00bb{}\u00a0\u00bb][et_pb_row _builder_version=\u00a0\u00bb4.19.4&Prime; _module_preset=\u00a0\u00bbdefault\u00a0\u00bb global_colors_info=\u00a0\u00bb{}\u00a0\u00bb][et_pb_column type=\u00a0\u00bb4_4&Prime; _builder_version=\u00a0\u00bb4.19.4&Prime; _module_preset=\u00a0\u00bbdefault\u00a0\u00bb global_colors_info=\u00a0\u00bb{}\u00a0\u00bb][et_pb_text _builder_version=\u00a0\u00bb4.19.4&Prime; _module_preset=\u00a0\u00bbdefault\u00a0\u00bb text_font=\u00a0\u00bb|700|||||||\u00a0\u00bb text_text_color=\u00a0\u00bb#9E9E9E\u00a0\u00bb text_font_size=\u00a0\u00bb19px\u00a0\u00bb global_colors_info=\u00a0\u00bb{}\u00a0\u00bb]<\/p>\n<p>R\u00e9alisations\u00a0 Art &amp; Fen\u00eatres \/ CCMenuiserie<\/p>\n<p>[\/et_pb_text][\/et_pb_column][\/et_pb_row][et_pb_row _builder_version=\u00a0\u00bb4.16&Prime; global_colors_info=\u00a0\u00bb{}\u00a0\u00bb][et_pb_column type=\u00a0\u00bb4_4&Prime; _builder_version=\u00a0\u00bb4.16&Prime; custom_padding=\u00a0\u00bb|||\u00a0\u00bb global_colors_info=\u00a0\u00bb{}\u00a0\u00bb custom_padding__hover=\u00a0\u00bb|||\u00a0\u00bb][et_pb_blog fullwidth=\u00a0\u00bboff\u00a0\u00bb posts_number=\u00a0\u00bb100&Prime; include_categories=\u00a0\u00bb158&Prime; use_manual_excerpt=\u00a0\u00bboff\u00a0\u00bb excerpt_length=\u00a0\u00bb0&Prime; show_more=\u00a0\u00bbon\u00a0\u00bb show_author=\u00a0\u00bboff\u00a0\u00bb show_date=\u00a0\u00bboff\u00a0\u00bb show_excerpt=\u00a0\u00bboff\u00a0\u00bb _builder_version=\u00a0\u00bb4.19.4&Prime; header_font=\u00a0\u00bbLato|700|||||||\u00a0\u00bb header_text_color=\u00a0\u00bb#9E9E9E\u00a0\u00bb header_font_size=\u00a0\u00bb15px\u00a0\u00bb header_line_height=\u00a0\u00bb1.1em\u00a0\u00bb body_font=\u00a0\u00bbLato||||||||\u00a0\u00bb body_text_color=\u00a0\u00bb#898f99&Prime; body_font_size=\u00a0\u00bb16px\u00a0\u00bb body_line_height=\u00a0\u00bb1.6em\u00a0\u00bb meta_font=\u00a0\u00bbLato||||||||\u00a0\u00bb meta_text_color=\u00a0\u00bbrgba(137,143,153,0.61)\u00a0\u00bb meta_line_height=\u00a0\u00bb1.8em\u00a0\u00bb read_more_font=\u00a0\u00bb|600|||||||\u00a0\u00bb read_more_text_color=\u00a0\u00bb#A6C738&Prime; pagination_font=\u00a0\u00bbLato|700||on|||||\u00a0\u00bb pagination_text_color=\u00a0\u00bb#0A0A0A\u00a0\u00bb pagination_letter_spacing=\u00a0\u00bb2px\u00a0\u00bb border_radii=\u00a0\u00bboff||20px|16px|16px\u00a0\u00bb border_width_all=\u00a0\u00bb0px\u00a0\u00bb border_radii_image=\u00a0\u00bboff||||\u00a0\u00bb box_shadow_style=\u00a0\u00bbpreset1&Prime; box_shadow_vertical=\u00a0\u00bb6px\u00a0\u00bb box_shadow_blur=\u00a0\u00bb54px\u00a0\u00bb box_shadow_spread=\u00a0\u00bb17px\u00a0\u00bb box_shadow_color=\u00a0\u00bbrgba(0,0,0,0.04)\u00a0\u00bb global_colors_info=\u00a0\u00bb{}\u00a0\u00bb][\/et_pb_blog][\/et_pb_column][\/et_pb_row][et_pb_row disabled_on=\u00a0\u00bbon|on|on\u00a0\u00bb _builder_version=\u00a0\u00bb4.19.4&Prime; _module_preset=\u00a0\u00bbdefault\u00a0\u00bb disabled=\u00a0\u00bbon\u00a0\u00bb global_colors_info=\u00a0\u00bb{}\u00a0\u00bb][et_pb_column type=\u00a0\u00bb4_4&Prime; _builder_version=\u00a0\u00bb4.19.4&Prime; _module_preset=\u00a0\u00bbdefault\u00a0\u00bb global_colors_info=\u00a0\u00bb{}\u00a0\u00bb][et_pb_text _builder_version=\u00a0\u00bb4.19.4&Prime; _module_preset=\u00a0\u00bbdefault\u00a0\u00bb text_font=\u00a0\u00bb|700|||||||\u00a0\u00bb text_text_color=\u00a0\u00bb#9E9E9E\u00a0\u00bb text_font_size=\u00a0\u00bb19px\u00a0\u00bb global_colors_info=\u00a0\u00bb{}\u00a0\u00bb]<\/p>\n<p>2022 \/\/ R\u00e9alisations\u00a0 Art &amp; Fen\u00eatres \/ CCMenuiserie<\/p>\n<p>[\/et_pb_text][\/et_pb_column][\/et_pb_row][et_pb_row _builder_version=\u00a0\u00bb4.19.4&Prime; global_colors_info=\u00a0\u00bb{}\u00a0\u00bb][et_pb_column type=\u00a0\u00bb4_4&Prime; _builder_version=\u00a0\u00bb4.19.4&Prime; custom_padding=\u00a0\u00bb|||\u00a0\u00bb global_colors_info=\u00a0\u00bb{}\u00a0\u00bb custom_padding__hover=\u00a0\u00bb|||\u00a0\u00bb][et_pb_blog fullwidth=\u00a0\u00bboff\u00a0\u00bb posts_number=\u00a0\u00bb100&Prime; include_categories=\u00a0\u00bb21&Prime; use_manual_excerpt=\u00a0\u00bboff\u00a0\u00bb excerpt_length=\u00a0\u00bb0&Prime; show_more=\u00a0\u00bbon\u00a0\u00bb show_author=\u00a0\u00bboff\u00a0\u00bb show_date=\u00a0\u00bboff\u00a0\u00bb show_excerpt=\u00a0\u00bboff\u00a0\u00bb _builder_version=\u00a0\u00bb4.19.4&Prime; header_font=\u00a0\u00bbLato|700|||||||\u00a0\u00bb header_text_color=\u00a0\u00bb#9E9E9E\u00a0\u00bb header_font_size=\u00a0\u00bb15px\u00a0\u00bb header_line_height=\u00a0\u00bb1.1em\u00a0\u00bb body_font=\u00a0\u00bbLato||||||||\u00a0\u00bb body_text_color=\u00a0\u00bb#898f99&Prime; body_font_size=\u00a0\u00bb16px\u00a0\u00bb body_line_height=\u00a0\u00bb1.6em\u00a0\u00bb meta_font=\u00a0\u00bbLato||||||||\u00a0\u00bb meta_text_color=\u00a0\u00bbrgba(137,143,153,0.61)\u00a0\u00bb meta_line_height=\u00a0\u00bb1.8em\u00a0\u00bb read_more_font=\u00a0\u00bb|600|||||||\u00a0\u00bb read_more_text_color=\u00a0\u00bb#A6C738&Prime; pagination_font=\u00a0\u00bbLato|700||on|||||\u00a0\u00bb pagination_text_color=\u00a0\u00bb#0A0A0A\u00a0\u00bb pagination_letter_spacing=\u00a0\u00bb2px\u00a0\u00bb border_radii=\u00a0\u00bboff||20px|16px|16px\u00a0\u00bb border_width_all=\u00a0\u00bb0px\u00a0\u00bb border_radii_image=\u00a0\u00bboff||||\u00a0\u00bb box_shadow_style=\u00a0\u00bbpreset1&Prime; box_shadow_vertical=\u00a0\u00bb6px\u00a0\u00bb box_shadow_blur=\u00a0\u00bb54px\u00a0\u00bb box_shadow_spread=\u00a0\u00bb17px\u00a0\u00bb box_shadow_color=\u00a0\u00bbrgba(0,0,0,0.04)\u00a0\u00bb global_colors_info=\u00a0\u00bb{}\u00a0\u00bb][\/et_pb_blog][\/et_pb_column][\/et_pb_row][et_pb_row disabled_on=\u00a0\u00bbon|on|on\u00a0\u00bb _builder_version=\u00a0\u00bb4.19.4&Prime; _module_preset=\u00a0\u00bbdefault\u00a0\u00bb disabled=\u00a0\u00bbon\u00a0\u00bb global_colors_info=\u00a0\u00bb{}\u00a0\u00bb][et_pb_column type=\u00a0\u00bb4_4&Prime; _builder_version=\u00a0\u00bb4.19.4&Prime; _module_preset=\u00a0\u00bbdefault\u00a0\u00bb global_colors_info=\u00a0\u00bb{}\u00a0\u00bb][et_pb_text _builder_version=\u00a0\u00bb4.19.4&Prime; _module_preset=\u00a0\u00bbdefault\u00a0\u00bb text_font=\u00a0\u00bb|700|||||||\u00a0\u00bb text_text_color=\u00a0\u00bb#9E9E9E\u00a0\u00bb text_font_size=\u00a0\u00bb19px\u00a0\u00bb global_colors_info=\u00a0\u00bb{}\u00a0\u00bb]<\/p>\n<p>2021 \/\/ R\u00e9alisations\u00a0 Art &amp; Fen\u00eatres \/ CCMenuiserie<\/p>\n<p>[\/et_pb_text][\/et_pb_column][\/et_pb_row][et_pb_row _builder_version=\u00a0\u00bb4.16&Prime; global_colors_info=\u00a0\u00bb{}\u00a0\u00bb][et_pb_column type=\u00a0\u00bb4_4&Prime; _builder_version=\u00a0\u00bb4.16&Prime; custom_padding=\u00a0\u00bb|||\u00a0\u00bb global_colors_info=\u00a0\u00bb{}\u00a0\u00bb custom_padding__hover=\u00a0\u00bb|||\u00a0\u00bb][et_pb_blog fullwidth=\u00a0\u00bboff\u00a0\u00bb posts_number=\u00a0\u00bb100&Prime; include_categories=\u00a0\u00bb28&Prime; use_manual_excerpt=\u00a0\u00bboff\u00a0\u00bb excerpt_length=\u00a0\u00bb0&Prime; show_more=\u00a0\u00bbon\u00a0\u00bb show_author=\u00a0\u00bboff\u00a0\u00bb show_date=\u00a0\u00bboff\u00a0\u00bb show_excerpt=\u00a0\u00bboff\u00a0\u00bb _builder_version=\u00a0\u00bb4.19.4&Prime; header_font=\u00a0\u00bbLato|700|||||||\u00a0\u00bb header_text_color=\u00a0\u00bb#9E9E9E\u00a0\u00bb header_font_size=\u00a0\u00bb15px\u00a0\u00bb header_line_height=\u00a0\u00bb1.1em\u00a0\u00bb body_font=\u00a0\u00bbLato||||||||\u00a0\u00bb body_text_color=\u00a0\u00bb#898f99&Prime; body_font_size=\u00a0\u00bb16px\u00a0\u00bb body_line_height=\u00a0\u00bb1.6em\u00a0\u00bb meta_font=\u00a0\u00bbLato||||||||\u00a0\u00bb meta_text_color=\u00a0\u00bbrgba(137,143,153,0.61)\u00a0\u00bb meta_line_height=\u00a0\u00bb1.8em\u00a0\u00bb read_more_font=\u00a0\u00bb|600|||||||\u00a0\u00bb read_more_text_color=\u00a0\u00bb#A6C738&Prime; pagination_font=\u00a0\u00bbLato|700||on|||||\u00a0\u00bb pagination_text_color=\u00a0\u00bb#0A0A0A\u00a0\u00bb pagination_letter_spacing=\u00a0\u00bb2px\u00a0\u00bb border_radii=\u00a0\u00bboff||20px|16px|16px\u00a0\u00bb border_width_all=\u00a0\u00bb0px\u00a0\u00bb border_radii_image=\u00a0\u00bboff||||\u00a0\u00bb box_shadow_style=\u00a0\u00bbpreset1&Prime; box_shadow_vertical=\u00a0\u00bb6px\u00a0\u00bb box_shadow_blur=\u00a0\u00bb54px\u00a0\u00bb box_shadow_spread=\u00a0\u00bb17px\u00a0\u00bb box_shadow_color=\u00a0\u00bbrgba(0,0,0,0.04)\u00a0\u00bb global_colors_info=\u00a0\u00bb{}\u00a0\u00bb][\/et_pb_blog][\/et_pb_column][\/et_pb_row][et_pb_row _builder_version=\u00a0\u00bb4.16&Prime; global_colors_info=\u00a0\u00bb{}\u00a0\u00bb][et_pb_column type=\u00a0\u00bb4_4&Prime; _builder_version=\u00a0\u00bb4.16&Prime; custom_padding=\u00a0\u00bb|||\u00a0\u00bb global_colors_info=\u00a0\u00bb{}\u00a0\u00bb custom_padding__hover=\u00a0\u00bb|||\u00a0\u00bb][et_pb_blog fullwidth=\u00a0\u00bboff\u00a0\u00bb posts_number=\u00a0\u00bb100&Prime; include_categories=\u00a0\u00bb162&Prime; use_manual_excerpt=\u00a0\u00bboff\u00a0\u00bb excerpt_length=\u00a0\u00bb0&Prime; show_more=\u00a0\u00bbon\u00a0\u00bb show_author=\u00a0\u00bboff\u00a0\u00bb show_date=\u00a0\u00bboff\u00a0\u00bb show_excerpt=\u00a0\u00bboff\u00a0\u00bb _builder_version=\u00a0\u00bb4.19.4&Prime; header_font=\u00a0\u00bbLato|700|||||||\u00a0\u00bb header_text_color=\u00a0\u00bb#9E9E9E\u00a0\u00bb header_font_size=\u00a0\u00bb15px\u00a0\u00bb header_line_height=\u00a0\u00bb1.1em\u00a0\u00bb body_font=\u00a0\u00bbLato||||||||\u00a0\u00bb body_text_color=\u00a0\u00bb#898f99&Prime; body_font_size=\u00a0\u00bb16px\u00a0\u00bb body_line_height=\u00a0\u00bb1.6em\u00a0\u00bb meta_font=\u00a0\u00bbLato||||||||\u00a0\u00bb meta_text_color=\u00a0\u00bbrgba(137,143,153,0.61)\u00a0\u00bb meta_line_height=\u00a0\u00bb1.8em\u00a0\u00bb read_more_font=\u00a0\u00bb|600|||||||\u00a0\u00bb read_more_text_color=\u00a0\u00bb#A6C738&Prime; pagination_font=\u00a0\u00bbLato|700||on|||||\u00a0\u00bb pagination_text_color=\u00a0\u00bb#0A0A0A\u00a0\u00bb pagination_letter_spacing=\u00a0\u00bb2px\u00a0\u00bb border_radii=\u00a0\u00bboff||20px|16px|16px\u00a0\u00bb border_width_all=\u00a0\u00bb0px\u00a0\u00bb border_radii_image=\u00a0\u00bboff||||\u00a0\u00bb box_shadow_style=\u00a0\u00bbpreset1&Prime; box_shadow_vertical=\u00a0\u00bb6px\u00a0\u00bb box_shadow_blur=\u00a0\u00bb54px\u00a0\u00bb box_shadow_spread=\u00a0\u00bb17px\u00a0\u00bb box_shadow_color=\u00a0\u00bbrgba(0,0,0,0.04)\u00a0\u00bb global_colors_info=\u00a0\u00bb{}\u00a0\u00bb][\/et_pb_blog][\/et_pb_column][\/et_pb_row][\/et_pb_section][et_pb_section fb_built=\u00a0\u00bb1&Prime; admin_label=\u00a0\u00bbHero section\u00a0\u00bb _builder_version=\u00a0\u00bb4.19.4&Prime; use_background_color_gradient=\u00a0\u00bbon\u00a0\u00bb background_color_gradient_stops=\u00a0\u00bb#000000 8%|#aac731 99%\u00a0\u00bb background_color_gradient_overlays_image=\u00a0\u00bbon\u00a0\u00bb background_color_gradient_start=\u00a0\u00bbrgba(150,105,97,0.67)\u00a0\u00bb background_color_gradient_end=\u00a0\u00bbrgba(2,0,76,0.84)\u00a0\u00bb background_enable_image=\u00a0\u00bboff\u00a0\u00bb background_position=\u00a0\u00bbtop_center\u00a0\u00bb custom_margin=\u00a0\u00bb|||\u00a0\u00bb custom_padding=\u00a0\u00bb1%||3.5%|||\u00a0\u00bb global_module=\u00a0\u00bb243&Prime; saved_tabs=\u00a0\u00bball\u00a0\u00bb global_colors_info=\u00a0\u00bb{}\u00a0\u00bb][et_pb_row _builder_version=\u00a0\u00bb4.16&Prime; custom_margin=\u00a0\u00bb|||\u00a0\u00bb custom_padding=\u00a0\u00bb20px|||||\u00a0\u00bb global_colors_info=\u00a0\u00bb{}\u00a0\u00bb][et_pb_column type=\u00a0\u00bb4_4&Prime; _builder_version=\u00a0\u00bb4.16&Prime; custom_padding=\u00a0\u00bb|||\u00a0\u00bb global_colors_info=\u00a0\u00bb{}\u00a0\u00bb custom_padding__hover=\u00a0\u00bb|||\u00a0\u00bb][et_pb_image src=\u00a0\u00bbhttps:\/\/www.ccmenuiserie.fr\/2023\/wp-content\/uploads\/2023\/01\/logo-art-et-fenetres-ccmenuiserie-footer.png\u00a0\u00bb title_text=\u00a0\u00bblogo-art-et-fenetres-ccmenuiserie-footer\u00a0\u00bb _builder_version=\u00a0\u00bb4.19.4&Prime; _module_preset=\u00a0\u00bbdefault\u00a0\u00bb width=\u00a0\u00bb54%\u00a0\u00bb max_width=\u00a0\u00bb57%\u00a0\u00bb module_alignment=\u00a0\u00bbcenter\u00a0\u00bb global_colors_info=\u00a0\u00bb{}\u00a0\u00bb][\/et_pb_image][et_pb_text _builder_version=\u00a0\u00bb4.19.4&Prime; text_font=\u00a0\u00bbLato||||||||\u00a0\u00bb text_text_color=\u00a0\u00bb#FFFFFF\u00a0\u00bb text_font_size=\u00a0\u00bb24px\u00a0\u00bb text_line_height=\u00a0\u00bb1.1em\u00a0\u00bb header_font=\u00a0\u00bb||||||||\u00a0\u00bb header_text_align=\u00a0\u00bbcenter\u00a0\u00bb header_font_size=\u00a0\u00bb6px\u00a0\u00bb header_2_font=\u00a0\u00bbLato||||||||\u00a0\u00bb header_3_font=\u00a0\u00bbLato|700|||||||\u00a0\u00bb header_3_font_size=\u00a0\u00bb36px\u00a0\u00bb header_3_line_height=\u00a0\u00bb1.5em\u00a0\u00bb width=\u00a0\u00bb92%\u00a0\u00bb max_width=\u00a0\u00bb100%\u00a0\u00bb module_alignment=\u00a0\u00bbcenter\u00a0\u00bb custom_margin=\u00a0\u00bb60px|||\u00a0\u00bb global_colors_info=\u00a0\u00bb{}\u00a0\u00bb]<\/p>\n<p style=\"text-align: center;\">Fabricant et installateur de portes et fen\u00eatres <br \/>en pvc ou aluminium, sp\u00e9cialis\u00e9 dans la fabrication sur mesure pour la r\u00e9novation.<br \/>Art &amp; Fen\u00eatres vous propose ses gammes de portails et volets.<\/p>\n<p>[\/et_pb_text][\/et_pb_column][\/et_pb_row][\/et_pb_section]<\/p>\n","protected":false},"excerpt":{"rendered":"<p>GALERIE DE NOS R\u00c9ALISATIONSParce que les images parlent d\u2019elles-m\u00eames, et qu\u2019elles sont la vitrine de notre savoir-faire,d\u00e9couvrez les photos des travaux de menuiseries r\u00e9alis\u00e9s par nos \u00e9quipes de professionnels en\u00a0Is\u00e8re !CHOIX PAR ANN\u00c9ECHOIX PAR RALBLANCRAL 1015RAL 1247RAL 2100 SABL\u00c9RAL 2800 SABL\u00c9RAL 2900 SABL\u00c9RAL 3004RAL 6005RAL 6009RAL 6021RAL 7001RAL 7006RAL 7012RAL 7016RAL 7035RAL 7039RAL 7044RAL 7047RAL [&hellip;]<\/p>\n","protected":false},"author":1,"featured_media":0,"parent":0,"menu_order":0,"comment_status":"closed","ping_status":"closed","template":"","meta":{"_et_pb_use_builder":"on","_et_pb_old_content":"","_et_gb_content_width":"","footnotes":""},"class_list":["post-326","page","type-page","status-publish","hentry"],"jetpack_sharing_enabled":true,"_links":{"self":[{"href":"https:\/\/www.ccmenuiserie.fr\/2023\/wp-json\/wp\/v2\/pages\/326","targetHints":{"allow":["GET"]}}],"collection":[{"href":"https:\/\/www.ccmenuiserie.fr\/2023\/wp-json\/wp\/v2\/pages"}],"about":[{"href":"https:\/\/www.ccmenuiserie.fr\/2023\/wp-json\/wp\/v2\/types\/page"}],"author":[{"embeddable":true,"href":"https:\/\/www.ccmenuiserie.fr\/2023\/wp-json\/wp\/v2\/users\/1"}],"replies":[{"embeddable":true,"href":"https:\/\/www.ccmenuiserie.fr\/2023\/wp-json\/wp\/v2\/comments?post=326"}],"version-history":[{"count":58,"href":"https:\/\/www.ccmenuiserie.fr\/2023\/wp-json\/wp\/v2\/pages\/326\/revisions"}],"predecessor-version":[{"id":2675,"href":"https:\/\/www.ccmenuiserie.fr\/2023\/wp-json\/wp\/v2\/pages\/326\/revisions\/2675"}],"wp:attachment":[{"href":"https:\/\/www.ccmenuiserie.fr\/2023\/wp-json\/wp\/v2\/media?parent=326"}],"curies":[{"name":"wp","href":"https:\/\/api.w.org\/{rel}","templated":true}]}}